{"id":1397,"date":"2017-04-05T19:02:27","date_gmt":"2017-04-05T19:02:27","guid":{"rendered":"http:\/\/epxsantiago.org\/?page_id=1397"},"modified":"2024-04-26T15:06:06","modified_gmt":"2024-04-26T15:06:06","slug":"traballo-fin-de-master","status":"publish","type":"page","link":"https:\/\/epxsantiago.org\/index.php\/mua-2016-2018-2\/traballo-fin-de-master","title":{"rendered":"TRABALLO FIN DE M\u00c1STER"},"content":{"rendered":"<p>[et_pb_section fb_built=\u00bb1&#8243; fullwidth=\u00bbon\u00bb admin_label=\u00bbSecci\u00f3n\u00bb _builder_version=\u00bb4.16&#8243; global_colors_info=\u00bb{}\u00bb][et_pb_fullwidth_image src=\u00bbhttp:\/\/epxsantiago.org\/wp-content\/uploads\/2017\/04\/DSC_9643-e1491402417374.jpg\u00bb admin_label=\u00bbImagen de anchura completa\u00bb _builder_version=\u00bb4.16&#8243; animation_style=\u00bbslide\u00bb animation_direction=\u00bbleft\u00bb animation_duration=\u00bb500ms\u00bb animation_intensity_slide=\u00bb10%\u00bb animation=\u00bbleft\u00bb use_border_color=\u00bboff\u00bb border_color=\u00bb#ffffff\u00bb border_style=\u00bbsolid\u00bb global_colors_info=\u00bb{}\u00bb] [\/et_pb_fullwidth_image][\/et_pb_section][et_pb_section fb_built=\u00bb1&#8243; admin_label=\u00bbSecci\u00f3n\u00bb _builder_version=\u00bb4.16&#8243; custom_padding=\u00bb0px|||\u00bb transparent_background=\u00bboff\u00bb make_fullwidth=\u00bboff\u00bb use_custom_width=\u00bboff\u00bb width_unit=\u00bbon\u00bb global_colors_info=\u00bb{}\u00bb][et_pb_row column_structure=\u00bb1_4,3_4&#8243; admin_label=\u00bbFila\u00bb _builder_version=\u00bb4.16&#8243; background_size=\u00bbinitial\u00bb background_position=\u00bbtop_left\u00bb background_repeat=\u00bbrepeat\u00bb custom_padding=\u00bb20px||0px|\u00bb make_fullwidth=\u00bboff\u00bb use_custom_width=\u00bboff\u00bb width_unit=\u00bbon\u00bb global_colors_info=\u00bb{}\u00bb][et_pb_column type=\u00bb1_4&#8243; _builder_version=\u00bb4.16&#8243; custom_padding=\u00bb|||\u00bb global_colors_info=\u00bb{}\u00bb custom_padding__hover=\u00bb|||\u00bb][\/et_pb_column][et_pb_column type=\u00bb3_4&#8243; _builder_version=\u00bb4.16&#8243; custom_padding=\u00bb|||\u00bb global_colors_info=\u00bb{}\u00bb custom_padding__hover=\u00bb|||\u00bb][et_pb_text admin_label=\u00bbTexto\u00bb _builder_version=\u00bb4.16&#8243; background_size=\u00bbinitial\u00bb background_position=\u00bbtop_left\u00bb background_repeat=\u00bbrepeat\u00bb text_orientation=\u00bbcenter\u00bb module_alignment=\u00bbcenter\u00bb use_border_color=\u00bboff\u00bb border_color=\u00bb#ffffff\u00bb border_style=\u00bbsolid\u00bb global_colors_info=\u00bb{}\u00bb]<\/p>\n<h1>M\u00e1ster oficial en Avogac\u00eda 2016-2018<\/h1>\n<p>[\/et_pb_text][et_pb_post_title meta=\u00bboff\u00bb featured_image=\u00bboff\u00bb admin_label=\u00bbT\u00edtulo de pagina\u00bb _builder_version=\u00bb4.16&#8243; title_font_size=\u00bb22px\u00bb text_orientation=\u00bbcenter\u00bb custom_margin=\u00bb||0px|\u00bb use_border_color=\u00bboff\u00bb border_color=\u00bb#ffffff\u00bb border_style=\u00bbsolid\u00bb parallax_effect=\u00bboff\u00bb global_colors_info=\u00bb{}\u00bb] [\/et_pb_post_title][\/et_pb_column][\/et_pb_row][\/et_pb_section][et_pb_section fb_built=\u00bb1&#8243; admin_label=\u00bbSecci\u00f3n\u00bb _builder_version=\u00bb4.16&#8243; custom_padding=\u00bb0px|||\u00bb transparent_background=\u00bboff\u00bb make_fullwidth=\u00bboff\u00bb use_custom_width=\u00bboff\u00bb width_unit=\u00bbon\u00bb global_colors_info=\u00bb{}\u00bb][et_pb_row column_structure=\u00bb1_4,3_4&#8243; admin_label=\u00bbFila\u00bb _builder_version=\u00bb4.16&#8243; background_size=\u00bbinitial\u00bb background_position=\u00bbtop_left\u00bb background_repeat=\u00bbrepeat\u00bb global_colors_info=\u00bb{}\u00bb][et_pb_column type=\u00bb1_4&#8243; _builder_version=\u00bb4.16&#8243; custom_padding=\u00bb|||\u00bb global_colors_info=\u00bb{}\u00bb custom_padding__hover=\u00bb|||\u00bb][et_pb_sidebar area=\u00bbet_pb_widget_area_2&#8243; admin_label=\u00bbBarra lateral\u00bb _builder_version=\u00bb4.16&#8243; remove_border=\u00bboff\u00bb global_colors_info=\u00bb{}\u00bb] [\/et_pb_sidebar][\/et_pb_column][et_pb_column type=\u00bb3_4&#8243; _builder_version=\u00bb4.16&#8243; custom_padding=\u00bb|||\u00bb global_colors_info=\u00bb{}\u00bb custom_padding__hover=\u00bb|||\u00bb][et_pb_text admin_label=\u00bbTexto\u00bb _builder_version=\u00bb4.24.3&#8243; background_size=\u00bbinitial\u00bb background_position=\u00bbtop_left\u00bb background_repeat=\u00bbrepeat\u00bb text_orientation=\u00bbjustified\u00bb hover_enabled=\u00bb0&#8243; use_border_color=\u00bboff\u00bb border_color=\u00bb#ffffff\u00bb border_style=\u00bbsolid\u00bb global_colors_info=\u00bb{}\u00bb sticky_enabled=\u00bb0&#8243;]<\/p>\n<table style=\"height: 8213px;\" width=\"1404\">\n<tbody>\n<tr>\n<td style=\"width: 77.0417px; text-align: center;\">\u00a0<\/td>\n<td style=\"width: 82.8194px; text-align: center;\">Alumno\/a<\/td>\n<td style=\"width: 65.1944px; text-align: center;\">C\u00f3digo<\/td>\n<td style=\"width: 171.972px; text-align: center;\">Materia Galego<\/td>\n<td style=\"width: 170.792px; text-align: center;\">Materia Castel\u00e1n<\/td>\n<td style=\"width: 171.861px; text-align: center;\">Materia Ingl\u00e9s<\/td>\n<td style=\"width: 74.1528px; text-align: center;\">Manuscrito<\/td>\n<td style=\"width: 57.1944px; text-align: center;\">Lectura<\/td>\n<td style=\"width: 87.25px; text-align: center;\">Convocatoria<\/td>\n<td style=\"width: 65.25px; text-align: center;\">Estado<\/td>\n<td style=\"width: 75.1806px; text-align: center;\">Data Estado<\/td>\n<td style=\"width: 142.236px; text-align: center;\">Titor\/Cotitor<\/td>\n<td style=\"width: 87.2778px; text-align: center;\">Coordinador<\/td>\n<\/tr>\n<tr>\n<td style=\"width: 77.0417px; text-align: center;\">\u00a0<\/td>\n<td style=\"width: 82.8194px; text-align: center;\">\u00a0<\/td>\n<td style=\"width: 65.1944px; text-align: center;\">P3341119<\/td>\n<td style=\"width: 171.972px; text-align: center;\">Aplicaci\u00f3n pr\u00e1ctica do valor liberatorio do finiquito no despido. Apuntes sobre a conciliaci\u00f3n preprocesal. Consideraci\u00f3ns do despido obxetivo en situaci\u00f3n do ERTE<\/td>\n<td style=\"width: 170.792px; text-align: center;\">Aplicaci\u00f3n pr\u00e1ctica del valor liberatorio del finiquito en el despido. Apuntes sobre la conciliaci\u00f3n preprocesal. Consideraciones del despido objetivo en situaci\u00f3n del ERTE<\/td>\n<td style=\"width: 171.861px; text-align: center;\">Practice application about settlement liberaty value in the dismissal. Notes about preprocess conciliation. Considerations in the objective dismissal for ERTE<\/td>\n<td style=\"width: 74.1528px; text-align: center;\">Castel\u00e1n<\/td>\n<td style=\"width: 57.1944px; text-align: center;\">Castel\u00e1n<\/td>\n<td style=\"width: 87.25px; text-align: center;\">1\u00aa Ord<\/td>\n<td style=\"width: 65.25px; text-align: center;\">Finalizada<\/td>\n<td style=\"width: 75.1806px; text-align: center;\">23\/02\/2018<\/td>\n<td style=\"width: 142.236px; text-align: center;\">Blanco Lobeiras Pedro,\u00a0 Calo Amigo C\u00e1ndido<\/td>\n<td style=\"width: 87.2778px; text-align: center;\">Lotario Vilaboy Lois<\/td>\n<\/tr>\n<tr>\n<td style=\"width: 77.0417px; text-align: center;\">\u00a0<\/td>\n<td style=\"width: 82.8194px; text-align: center;\">\u00a0<\/td>\n<td style=\"width: 65.1944px; text-align: center;\">P3341119<\/td>\n<td style=\"width: 171.972px; text-align: center;\">A figura do Contador Partidor e as cuesti\u00f3ns procesais da liquidaci\u00f3n da sociedade de gananciais como paso previo \u00e1 partici\u00f3n xudicial de herencia<\/td>\n<td style=\"width: 170.792px; text-align: center;\">La figura del Contador Partidor y las cuestiones procesales de la liquidaci\u00f3n de la sociedad de gananciales como paso previo a la divisi\u00f3n judicial de la herencia<\/td>\n<td style=\"width: 171.861px; text-align: center;\">Partitioner\u2019s figure and procedural matters of the liquidation of the community property society as previous step to the legal divisi\u00f3n of inheritance<\/td>\n<td style=\"width: 74.1528px; text-align: center;\">Castel\u00e1n<\/td>\n<td style=\"width: 57.1944px; text-align: center;\">Castel\u00e1n<\/td>\n<td style=\"width: 87.25px; text-align: center;\">1\u00aa Ord<\/td>\n<td style=\"width: 65.25px; text-align: center;\">Finalizada<\/td>\n<td style=\"width: 75.1806px; text-align: center;\">22\/02\/2018<\/td>\n<td style=\"width: 142.236px; text-align: center;\">Maro\u00f1o Gargallo Jes\u00fas Waldo, Rodr\u00edguez \u00c1lvarez Ana, Tigo Garc\u00eda Mar\u00eda Bel\u00e9n<\/td>\n<td style=\"width: 87.2778px; text-align: center;\">Lotario Vilaboy Lois<\/td>\n<\/tr>\n<tr>\n<td style=\"width: 77.0417px; text-align: center;\">\u00a0<\/td>\n<td style=\"width: 82.8194px; text-align: center;\">\u00a0<\/td>\n<td style=\"width: 65.1944px; text-align: center;\">P3341119<\/td>\n<td style=\"width: 171.972px; text-align: center;\">Actividades non permitidas na propiedade horizontal. Aspectos substantivos e procesuais<\/td>\n<td style=\"width: 170.792px; text-align: center;\">Actividades no permitidas en la Propiedad Horizontal. Aspectos sustantivos y procesales<\/td>\n<td style=\"width: 171.861px; text-align: center;\">Activities not allowed in horizontal property. Substantive and procedural aspects<\/td>\n<td style=\"width: 74.1528px; text-align: center;\">Castel\u00e1n<\/td>\n<td style=\"width: 57.1944px; text-align: center;\">Castel\u00e1n<\/td>\n<td style=\"width: 87.25px; text-align: center;\">1\u00aa Ord<\/td>\n<td style=\"width: 65.25px; text-align: center;\">Finalizada<\/td>\n<td style=\"width: 75.1806px; text-align: center;\">22\/02\/2018<\/td>\n<td style=\"width: 142.236px; text-align: center;\">Maro\u00f1o Gargallo Jes\u00fas Waldo, Rodr\u00edguez \u00c1lvarez Ana, Tigo Garc\u00eda, Mar\u00eda Bel\u00e9n<\/td>\n<td style=\"width: 87.2778px; text-align: center;\">Lotario Vilaboy Lois<\/td>\n<\/tr>\n<tr>\n<td style=\"width: 77.0417px; text-align: center;\">\u00a0<\/td>\n<td style=\"width: 82.8194px; text-align: center;\">\u00a0<\/td>\n<td style=\"width: 65.1944px; text-align: center;\">P3341119<\/td>\n<td style=\"width: 171.972px; text-align: center;\">A protecci\u00f3n xur\u00eddica dos comuneiros no r\u00e9xime de Propiedade Horizontal fronte a actividades prohibidas, da\u00f1osas, molestas, insalubres, nocivas, perigosas ou il\u00edcitas<\/td>\n<td style=\"width: 170.792px; text-align: center;\">La protecci\u00f3n jur\u00eddica de los comuneros en el r\u00e9gimen de la Propiedad Horizontal frente a actividades prohibidas, da\u00f1osas, molestas, insalubres, nocivas, peligrosas o il\u00edcitas<\/td>\n<td style=\"width: 171.861px; text-align: center;\">The legal protection of the co-propietors. Legal regime of horizontal property against prohibited, harmful, bothersome, unhealthy, damaging, dangerous or ilegal activities<\/td>\n<td style=\"width: 74.1528px; text-align: center;\">Castel\u00e1n<\/td>\n<td style=\"width: 57.1944px; text-align: center;\">Castel\u00e1n<\/td>\n<td style=\"width: 87.25px; text-align: center;\">1\u00aa Ord<\/td>\n<td style=\"width: 65.25px; text-align: center;\">Finalizada<\/td>\n<td style=\"width: 75.1806px; text-align: center;\">22\/02\/2018<\/td>\n<td style=\"width: 142.236px; text-align: center;\">Maro\u00f1o Gargallo Jes\u00fas Waldo, Rodr\u00edguez \u00c1lvarez Ana, Tigo Garc\u00eda, Mar\u00eda Bel\u00e9n<\/td>\n<td style=\"width: 87.2778px; text-align: center;\">Lotario Vilaboy Lois<\/td>\n<\/tr>\n<tr>\n<td style=\"width: 77.0417px; text-align: center;\">\u00a0<\/td>\n<td style=\"width: 82.8194px; text-align: center;\">\u00a0<\/td>\n<td style=\"width: 65.1944px; text-align: center;\">P3341119<\/td>\n<td style=\"width: 171.972px; text-align: center;\">A Propiedade Horizontal. Problem\u00e1tica en torno \u00e1s relaci\u00f3ns veci\u00f1ais<\/td>\n<td style=\"width: 170.792px; text-align: center;\">La Propiedad Horizontal. Problem\u00e1tica en torno a las relaciones vecinales<\/td>\n<td style=\"width: 171.861px; text-align: center;\">Horizontal-Property. Problems surrounding the neighborhood relationships<\/td>\n<td style=\"width: 74.1528px; text-align: center;\">Castel\u00e1n<\/td>\n<td style=\"width: 57.1944px; text-align: center;\">Castel\u00e1n<\/td>\n<td style=\"width: 87.25px; text-align: center;\">1\u00aa Ord<\/td>\n<td style=\"width: 65.25px; text-align: center;\">Finalizada<\/td>\n<td style=\"width: 75.1806px; text-align: center;\">22\/02\/2018<\/td>\n<td style=\"width: 142.236px; text-align: center;\">Maro\u00f1o Gargallo Jes\u00fas Waldo, Rodr\u00edguez \u00c1lvarez Ana, Tigo Garc\u00eda, Mar\u00eda Bel\u00e9n<\/td>\n<td style=\"width: 87.2778px; text-align: center;\">Lotario Vilaboy Lois<\/td>\n<\/tr>\n<tr>\n<td style=\"width: 77.0417px; text-align: center;\">\u00a0<\/td>\n<td style=\"width: 82.8194px; text-align: center;\">\u00a0<\/td>\n<td style=\"width: 65.1944px; text-align: center;\">P3341119<\/td>\n<td style=\"width: 171.972px; text-align: center;\">Alteraci\u00f3ns de elementos com\u00fan nas Comunidades de Propietarios<\/td>\n<td style=\"width: 170.792px; text-align: center;\">Alteraci\u00f3n de elementos comunes en las Comunidades de Propietarios<\/td>\n<td style=\"width: 171.861px; text-align: center;\">Alteration of common elements in the Owners&#8217; Communities<\/td>\n<td style=\"width: 74.1528px; text-align: center;\">Castel\u00e1n<\/td>\n<td style=\"width: 57.1944px; text-align: center;\">Castel\u00e1n<\/td>\n<td style=\"width: 87.25px; text-align: center;\">1\u00aa Ord<\/td>\n<td style=\"width: 65.25px; text-align: center;\">Finalizada<\/td>\n<td style=\"width: 75.1806px; text-align: center;\">22\/02\/2018<\/td>\n<td style=\"width: 142.236px; text-align: center;\">Maro\u00f1o Gargallo Jes\u00fas Waldo, Rodr\u00edguez \u00c1lvarez Ana, Tigo Garc\u00eda, Mar\u00eda Bel\u00e9n<\/td>\n<td style=\"width: 87.2778px; text-align: center;\">Lotario Vilaboy Lois<\/td>\n<\/tr>\n<tr>\n<td style=\"width: 77.0417px; text-align: center;\">\u00a0<\/td>\n<td style=\"width: 82.8194px; text-align: center;\">\u00a0<\/td>\n<td style=\"width: 65.1944px; text-align: center;\">P3341119<\/td>\n<td style=\"width: 171.972px; text-align: center;\">Aspectos procesuais e sustantivos do Dereito a propia imaxe<\/td>\n<td style=\"width: 170.792px; text-align: center;\">Cuestiones sustantivas y procesales sobre el derecho a la propia imagen<\/td>\n<td style=\"width: 171.861px; text-align: center;\">Substantive and procedural issues concerning the right to self-image<\/td>\n<td style=\"width: 74.1528px; text-align: center;\">Castel\u00e1n<\/td>\n<td style=\"width: 57.1944px; text-align: center;\">Castel\u00e1n<\/td>\n<td style=\"width: 87.25px; text-align: center;\">1\u00aa Ord<\/td>\n<td style=\"width: 65.25px; text-align: center;\">Finalizada<\/td>\n<td style=\"width: 75.1806px; text-align: center;\">22\/02\/2018<\/td>\n<td style=\"width: 142.236px; text-align: center;\">Abeal Rodr\u00edguez Juan J., Trigo Garc\u00eda Mar\u00eda Bel\u00e9n, Vali\u00f1o Ces Almudena<\/td>\n<td style=\"width: 87.2778px; text-align: center;\">Lotario Vilaboy Lois<\/td>\n<\/tr>\n<tr>\n<td style=\"width: 77.0417px; text-align: center;\">\u00a0<\/td>\n<td style=\"width: 82.8194px; text-align: center;\">\u00a0<\/td>\n<td style=\"width: 65.1944px; text-align: center;\">P3341119<\/td>\n<td style=\"width: 171.972px; text-align: center;\">Protecci\u00f3n xurisdiccional do Dereito \u00e1 propia imaxe; cuantificaci\u00f3n dos danos morais e carga da proba<\/td>\n<td style=\"width: 170.792px; text-align: center;\">Protecci\u00f3n jurisdiccional del Derecho a la propia imagen; cuantificaci\u00f3n del da\u00f1o moral y carga de la prueba<\/td>\n<td style=\"width: 171.861px; text-align: center;\">Jurisdictional Protection of Right to the own image; quantification of the moral damage and burden of proof<\/td>\n<td style=\"width: 74.1528px; text-align: center;\">Castel\u00e1n<\/td>\n<td style=\"width: 57.1944px; text-align: center;\">Castel\u00e1n<\/td>\n<td style=\"width: 87.25px; text-align: center;\">1\u00aa Ord<\/td>\n<td style=\"width: 65.25px; text-align: center;\">Finalizada<\/td>\n<td style=\"width: 75.1806px; text-align: center;\">22\/02\/2018<\/td>\n<td style=\"width: 142.236px; text-align: center;\">Abeal Rodr\u00edguez Juan J., Trigo Garc\u00eda Mar\u00eda Bel\u00e9n, Vali\u00f1o Ces Almudena<\/td>\n<td style=\"width: 87.2778px; text-align: center;\">Lotario Vilaboy Lois<\/td>\n<\/tr>\n<tr>\n<td style=\"width: 77.0417px; text-align: center;\">\u00a0<\/td>\n<td style=\"width: 82.8194px; text-align: center;\">\u00a0<\/td>\n<td style=\"width: 65.1944px; text-align: center;\">P3341119<\/td>\n<td style=\"width: 171.972px; text-align: center;\">Cl\u00e1usulas abusivas na contrataci\u00f3n de pr\u00e9stamos hipotecarios<\/td>\n<td style=\"width: 170.792px; text-align: center;\">Cl\u00e1usulas abusivas en la contrataci\u00f3n de pr\u00e9stamos hipotecarios<\/td>\n<td style=\"width: 171.861px; text-align: center;\">Abusive clauses in the contracting of mortgage loans<\/td>\n<td style=\"width: 74.1528px; text-align: center;\">Castel\u00e1n<\/td>\n<td style=\"width: 57.1944px; text-align: center;\">Castel\u00e1n<\/td>\n<td style=\"width: 87.25px; text-align: center;\">1\u00aa Ord<\/td>\n<td style=\"width: 65.25px; text-align: center;\">Finalizada<\/td>\n<td style=\"width: 75.1806px; text-align: center;\">22\/02\/2018<\/td>\n<td style=\"width: 142.236px; text-align: center;\">Abeal Rodr\u00edguez Juan J., Trigo Garc\u00eda Mar\u00eda Bel\u00e9n, Vali\u00f1o Ces Almudena<\/td>\n<td style=\"width: 87.2778px; text-align: center;\">Lotario Vilaboy Lois<\/td>\n<\/tr>\n<tr>\n<td style=\"width: 77.0417px; text-align: center;\">\u00a0<\/td>\n<td style=\"width: 82.8194px; text-align: center;\">\u00a0<\/td>\n<td style=\"width: 65.1944px; text-align: center;\">P3341119<\/td>\n<td style=\"width: 171.972px; text-align: center;\">As cl\u00e1usulas abusivas nos contratos de pr\u00e9stamos hipotecario, efectos e posicionamento das entidades bancarias<\/td>\n<td style=\"width: 170.792px; text-align: center;\">As cl\u00e1usulas abusivas nos contratos de pr\u00e9stamos hipotecario, efectos e posicionamento das entidades bancarias<\/td>\n<td style=\"width: 171.861px; text-align: center;\">The abusive clauses in mortage loans contracts, effects and positioning of banking entities<\/td>\n<td style=\"width: 74.1528px; text-align: center;\">Castel\u00e1n<\/td>\n<td style=\"width: 57.1944px; text-align: center;\">Castel\u00e1n<\/td>\n<td style=\"width: 87.25px; text-align: center;\">1\u00aa Ord<\/td>\n<td style=\"width: 65.25px; text-align: center;\">Finalizada<\/td>\n<td style=\"width: 75.1806px; text-align: center;\">22\/02\/2018<\/td>\n<td style=\"width: 142.236px; text-align: center;\">Abeal Rodr\u00edguez Juan J., Trigo Garc\u00eda Mar\u00eda Bel\u00e9n, Vali\u00f1o Ces Almudena<\/td>\n<td style=\"width: 87.2778px; text-align: center;\">Lotario Vilaboy Lois<\/td>\n<\/tr>\n<tr>\n<td style=\"width: 77.0417px; text-align: center;\">\u00a0<\/td>\n<td style=\"width: 82.8194px; text-align: center;\">\u00a0<\/td>\n<td style=\"width: 65.1944px; text-align: center;\">P3341119<\/td>\n<td style=\"width: 171.972px; text-align: center;\">O contrato de axencia; an\u00e1lise da extinci\u00f3n da relaci\u00f3n contractual e os seus efectos, alternativas \u00e1 v\u00eda xudicial<\/td>\n<td style=\"width: 170.792px; text-align: center;\">El contrato de agencia; an\u00e1lisis de la extinci\u00f3n de la relaci\u00f3n contractual y sus efectos, alternativas a la v\u00eda judicial<\/td>\n<td style=\"width: 171.861px; text-align: center;\">The agency contract; analysis of the termination of the contractual relationship and its effects, alternatives to the courts<\/td>\n<td style=\"width: 74.1528px; text-align: center;\">Castel\u00e1n<\/td>\n<td style=\"width: 57.1944px; text-align: center;\">Castel\u00e1n<\/td>\n<td style=\"width: 87.25px; text-align: center;\">1\u00aa Ord<\/td>\n<td style=\"width: 65.25px; text-align: center;\">Finalizada<\/td>\n<td style=\"width: 75.1806px; text-align: center;\">22\/02\/2018<\/td>\n<td style=\"width: 142.236px; text-align: center;\">Abeal Rodr\u00edguez Juan J., Trigo Garc\u00eda Mar\u00eda Bel\u00e9n, Vali\u00f1o Ces Almudena<\/td>\n<td style=\"width: 87.2778px; text-align: center;\">Lotario Vilaboy Lois<\/td>\n<\/tr>\n<tr>\n<td style=\"width: 77.0417px; text-align: center;\">\u00a0<\/td>\n<td style=\"width: 82.8194px; text-align: center;\">\u00a0<\/td>\n<td style=\"width: 65.1944px; text-align: center;\">P3341119<\/td>\n<td style=\"width: 171.972px; text-align: center;\">Problemas substantivos e procesuais xurdidos \u00e1 extinci\u00f3n do contrato de axencia. Especial consideraci\u00f3n \u00e1 indemnizaci\u00f3n por clientela<\/td>\n<td style=\"width: 170.792px; text-align: center;\">Problemas sustantivos y procesales surgidos a la extinci\u00f3n del contrato de agencia. Especial consideraci\u00f3n a la indemnizaci\u00f3n por clientela<\/td>\n<td style=\"width: 171.861px; text-align: center;\">Substantive and procedural problems arising from the termination of the agency contract. Special consideration for compensation for clients<\/td>\n<td style=\"width: 74.1528px; text-align: center;\">Castel\u00e1n<\/td>\n<td style=\"width: 57.1944px; text-align: center;\">Castel\u00e1n<\/td>\n<td style=\"width: 87.25px; text-align: center;\">1\u00aa Ord<\/td>\n<td style=\"width: 65.25px; text-align: center;\">Finalizada<\/td>\n<td style=\"width: 75.1806px; text-align: center;\">22\/02\/2018<\/td>\n<td style=\"width: 142.236px; text-align: center;\">Abeal Rodr\u00edguez Juan J., Trigo Garc\u00eda Mar\u00eda Bel\u00e9n, Vali\u00f1o Ces Almudena<\/td>\n<td style=\"width: 87.2778px; text-align: center;\">Lotario Vilaboy Lois<\/td>\n<\/tr>\n<tr>\n<td style=\"width: 77.0417px; text-align: center;\">\u00a0<\/td>\n<td style=\"width: 82.8194px; text-align: center;\">\u00a0<\/td>\n<td style=\"width: 65.1944px; text-align: center;\">P3341119<\/td>\n<td style=\"width: 171.972px; text-align: center;\">O socio minoritario e a responsabilidade tributaria<\/td>\n<td style=\"width: 170.792px; text-align: center;\">El socio minoritario y la responsabilidad tributaria<\/td>\n<td style=\"width: 171.861px; text-align: center;\">The minority partner and the tax liability<\/td>\n<td style=\"width: 74.1528px; text-align: center;\">Castel\u00e1n<\/td>\n<td style=\"width: 57.1944px; text-align: center;\">Castel\u00e1n<\/td>\n<td style=\"width: 87.25px; text-align: center;\">1\u00aa Ord<\/td>\n<td style=\"width: 65.25px; text-align: center;\">Finalizada<\/td>\n<td style=\"width: 75.1806px; text-align: center;\">22\/02\/2018<\/td>\n<td style=\"width: 142.236px; text-align: center;\">Mart\u00ednez-Olivares G\u00f3mez Jos\u00e9 Luis,\u00a0 Montero Vilar Jos\u00e9 Antonio<\/td>\n<td style=\"width: 87.2778px; text-align: center;\">Lotario Vilaboy Lois<\/td>\n<\/tr>\n<tr>\n<td style=\"width: 77.0417px; text-align: center;\">\u00a0<\/td>\n<td style=\"width: 82.8194px; text-align: center;\">\u00a0<\/td>\n<td style=\"width: 65.1944px; text-align: center;\">P3341119<\/td>\n<td style=\"width: 171.972px; text-align: center;\">Resoluci\u00f3n de conflitos mercantiles: dividendos, patentes e impugnaci\u00f3n de acordos sociais<\/td>\n<td style=\"width: 170.792px; text-align: center;\">Resoluci\u00f3n de conflictos mercantiles: dividendos, patentes e impugnaci\u00f3n de acuerdos sociales<\/td>\n<td style=\"width: 171.861px; text-align: center;\">Trade conflict resolution: dividends, patents and challenging corporate agreements<\/td>\n<td style=\"width: 74.1528px; text-align: center;\">Castel\u00e1n<\/td>\n<td style=\"width: 57.1944px; text-align: center;\">Castel\u00e1n<\/td>\n<td style=\"width: 87.25px; text-align: center;\">1\u00aa Ord<\/td>\n<td style=\"width: 65.25px; text-align: center;\">Finalizada<\/td>\n<td style=\"width: 75.1806px; text-align: center;\">22\/02\/2018<\/td>\n<td style=\"width: 142.236px; text-align: center;\">Mart\u00ednez-Olivares G\u00f3mez Jos\u00e9 Luis,\u00a0 Montero Vilar Jos\u00e9 Antonio<\/td>\n<td style=\"width: 87.2778px; text-align: center;\">Lotario Vilaboy Lois<\/td>\n<\/tr>\n<tr>\n<td style=\"width: 77.0417px; text-align: center;\">\u00a0<\/td>\n<td style=\"width: 82.8194px; text-align: center;\">\u00a0<\/td>\n<td style=\"width: 65.1944px; text-align: center;\">P3341119<\/td>\n<td style=\"width: 171.972px; text-align: center;\">Dereito societario: o deber de abstenci\u00f3n nos casos de conflicto de interese e a exclusi\u00f3n dun socio por incumprimento do deber de lealtade. Problemas de inscripci\u00f3n dunha marca<\/td>\n<td style=\"width: 170.792px; text-align: center;\">Derecho societario: el deber de abstenci\u00f3n en los casos de conflicto de inter\u00e9s y la exclusi\u00f3n de un socio por incumplimiento del deber de lealtad. Problemas de inscripci\u00f3n de una marca<\/td>\n<td style=\"width: 171.861px; text-align: center;\">Corporate law: the duty of abstention in cases of conflict of interest and the exclusion of a partner for breach of the duty of loyalty. Problems of registration of a brand<\/td>\n<td style=\"width: 74.1528px; text-align: center;\">Castel\u00e1n<\/td>\n<td style=\"width: 57.1944px; text-align: center;\">Castel\u00e1n<\/td>\n<td style=\"width: 87.25px; text-align: center;\">1\u00aa Ord<\/td>\n<td style=\"width: 65.25px; text-align: center;\">Finalizada<\/td>\n<td style=\"width: 75.1806px; text-align: center;\">22\/02\/2018<\/td>\n<td style=\"width: 142.236px; text-align: center;\">Mart\u00ednez-Olivares G\u00f3mez Jos\u00e9 Luis,\u00a0 Montero Vilar Jos\u00e9 Antonio<\/td>\n<td style=\"width: 87.2778px; text-align: center;\">Lotario Vilaboy Lois<\/td>\n<\/tr>\n<tr>\n<td style=\"width: 77.0417px; text-align: center;\">\u00a0<\/td>\n<td style=\"width: 82.8194px; text-align: center;\">\u00a0<\/td>\n<td style=\"width: 65.1944px; text-align: center;\">P3341119<\/td>\n<td style=\"width: 171.972px; text-align: center;\">Dereito de separaci\u00f3n e exclusi\u00f3n do socio. Acreedor subordinado e incumprimento do convenio<\/td>\n<td style=\"width: 170.792px; text-align: center;\">Derecho de separaci\u00f3n y exclusi\u00f3n del socio. Acreedor subordinado e incumplimiento de convenio<\/td>\n<td style=\"width: 171.861px; text-align: center;\">The right of separation and exclusion of the shareholder. Subordinated creditor and breach of the agreement<\/td>\n<td style=\"width: 74.1528px; text-align: center;\">Castel\u00e1n<\/td>\n<td style=\"width: 57.1944px; text-align: center;\">Castel\u00e1n<\/td>\n<td style=\"width: 87.25px; text-align: center;\">1\u00aa Ord<\/td>\n<td style=\"width: 65.25px; text-align: center;\">Finalizada<\/td>\n<td style=\"width: 75.1806px; text-align: center;\">22\/02\/2018<\/td>\n<td style=\"width: 142.236px; text-align: center;\">Mart\u00ednez-Olivares G\u00f3mez Jos\u00e9 Luis,\u00a0 Montero Vilar Jos\u00e9 Antonio<\/td>\n<td style=\"width: 87.2778px; text-align: center;\">Lotario Vilaboy Lois<\/td>\n<\/tr>\n<tr>\n<td style=\"width: 77.0417px; text-align: center;\">\u00a0<\/td>\n<td style=\"width: 82.8194px; text-align: center;\">\u00a0<\/td>\n<td style=\"width: 65.1944px; text-align: center;\">P3341119<\/td>\n<td style=\"width: 171.972px; text-align: center;\">Os dereitos do socio. O control da sociedade, a separaci\u00f3n e as limitaci\u00f3ns \u00e1 transmisi\u00f3n de acci\u00f3ns ou participaci\u00f3ns<\/td>\n<td style=\"width: 170.792px; text-align: center;\">Los derechos del socio. El control de la sociedad, la separaci\u00f3n y las limitaciones a la transmisi\u00f3n de acciones o participaciones<\/td>\n<td style=\"width: 171.861px; text-align: center;\">The rights of the partner . The control of the company, the separation and the limitations to the transmission of shares or participations<\/td>\n<td style=\"width: 74.1528px; text-align: center;\">Castel\u00e1n<\/td>\n<td style=\"width: 57.1944px; text-align: center;\">Castel\u00e1n<\/td>\n<td style=\"width: 87.25px; text-align: center;\">1\u00aa Ord<\/td>\n<td style=\"width: 65.25px; text-align: center;\">Finalizada<\/td>\n<td style=\"width: 75.1806px; text-align: center;\">22\/02\/2018<\/td>\n<td style=\"width: 142.236px; text-align: center;\">Mart\u00ednez-Olivares G\u00f3mez Jos\u00e9 Luis,\u00a0 Montero Vilar Jos\u00e9 Antonio<\/td>\n<td style=\"width: 87.2778px; text-align: center;\">Lotario Vilaboy Lois<\/td>\n<\/tr>\n<tr>\n<td style=\"width: 77.0417px; text-align: center;\">\u00a0<\/td>\n<td style=\"width: 82.8194px; text-align: center;\">\u00a0<\/td>\n<td style=\"width: 65.1944px; text-align: center;\">P3341119<\/td>\n<td style=\"width: 171.972px; text-align: center;\">Grupo de empresas a efectos concurs\u00e1is, obtenci\u00f3n da exoneraci\u00f3n do pasivo insatisfeito e patentabilidade dunha invenci\u00f3n tecnol\u00f3xica<\/td>\n<td style=\"width: 170.792px; text-align: center;\">Grupo de empresas a efectos concursales, obtenci\u00f3n de la exoneraci\u00f3n del pasivo insatisfecho y patentabilidad de una invenci\u00f3n tecnol\u00f3gica<\/td>\n<td style=\"width: 171.861px; text-align: center;\">Group of companies for bankruptcy purposes, obtaining the waiver of unsatisfied liabilities and patentability of a technological invention<\/td>\n<td style=\"width: 74.1528px; text-align: center;\">Castel\u00e1n<\/td>\n<td style=\"width: 57.1944px; text-align: center;\">Castel\u00e1n<\/td>\n<td style=\"width: 87.25px; text-align: center;\">1\u00aa Ord<\/td>\n<td style=\"width: 65.25px; text-align: center;\">Finalizada<\/td>\n<td style=\"width: 75.1806px; text-align: center;\">22\/02\/2018<\/td>\n<td style=\"width: 142.236px; text-align: center;\">Constenla Vega Javier,\u00a0 Montero Vilar Jos\u00e9 Antonio<\/td>\n<td style=\"width: 87.2778px; text-align: center;\">Lotario Vilaboy Lois<\/td>\n<\/tr>\n<tr>\n<td style=\"width: 77.0417px; text-align: center;\">\u00a0<\/td>\n<td style=\"width: 82.8194px; text-align: center;\">\u00a0<\/td>\n<td style=\"width: 65.1944px; text-align: center;\">P3341119<\/td>\n<td style=\"width: 171.972px; text-align: center;\">Cuesti\u00f3ns actu\u00e1is do Dereito Mercantil: o reparto de dividendos, a paralizaci\u00f3n do gobern\u00f3 da sociedades e o grupo de empresas a efectos concurs\u00e1is<\/td>\n<td style=\"width: 170.792px; text-align: center;\">Cuestiones actuales de Derecho Mercantil: el reparto de dividendos, la paralizaci\u00f3n del gobierno de la sociedad y el grupo de empresas a efectos concursales<\/td>\n<td style=\"width: 171.861px; text-align: center;\">Current issues of comercial law: the distribution of dividends, the shutdown of the company\u2019s government and the group of companies for bankruptcy purposes<\/td>\n<td style=\"width: 74.1528px; text-align: center;\">Castel\u00e1n<\/td>\n<td style=\"width: 57.1944px; text-align: center;\">Castel\u00e1n<\/td>\n<td style=\"width: 87.25px; text-align: center;\">1\u00aa Ord<\/td>\n<td style=\"width: 65.25px; text-align: center;\">Finalizada<\/td>\n<td style=\"width: 75.1806px; text-align: center;\">22\/02\/2018<\/td>\n<td style=\"width: 142.236px; text-align: center;\">Constenla Vega Javier,\u00a0 Montero Vilar Jos\u00e9 Antonio<\/td>\n<td style=\"width: 87.2778px; text-align: center;\">Lotario Vilaboy Lois<\/td>\n<\/tr>\n<tr>\n<td style=\"width: 77.0417px; text-align: center;\">\u00a0<\/td>\n<td style=\"width: 82.8194px; text-align: center;\">\u00a0<\/td>\n<td style=\"width: 65.1944px; text-align: center;\">P3341119<\/td>\n<td style=\"width: 171.972px; text-align: center;\">O tr\u00e1fico xur\u00eddico e a vida das sociedades, o afiuzamento de d\u00e9beda e a extinci\u00f3n societaria<\/td>\n<td style=\"width: 170.792px; text-align: center;\">El tr\u00e1fico jur\u00eddico y la vida de las sociedades, el afianzamiento de deuda y la extinci\u00f3n societaria<\/td>\n<td style=\"width: 171.861px; text-align: center;\">The legal business and the life of mercantile companies, debt consolidation and company extinction<\/td>\n<td style=\"width: 74.1528px; text-align: center;\">Castel\u00e1n<\/td>\n<td style=\"width: 57.1944px; text-align: center;\">Castel\u00e1n<\/td>\n<td style=\"width: 87.25px; text-align: center;\">1\u00aa Ord<\/td>\n<td style=\"width: 65.25px; text-align: center;\">Finalizada<\/td>\n<td style=\"width: 75.1806px; text-align: center;\">22\/02\/2018<\/td>\n<td style=\"width: 142.236px; text-align: center;\">Constenla Vega Javier,\u00a0 Montero Vilar Jos\u00e9 Antonio<\/td>\n<td style=\"width: 87.2778px; text-align: center;\">Lotario Vilaboy Lois<\/td>\n<\/tr>\n<tr>\n<td style=\"width: 77.0417px; text-align: center;\">\u00a0<\/td>\n<td style=\"width: 82.8194px; text-align: center;\">\u00a0<\/td>\n<td style=\"width: 65.1944px; text-align: center;\">P3341119<\/td>\n<td style=\"width: 171.972px; text-align: center;\">Cuesti\u00f3ns controvertidas sobre a administraci\u00f3n societaria e afianzamento mercantil<\/td>\n<td style=\"width: 170.792px; text-align: center;\">Cuestiones controvertidas sobre la administraci\u00f3n societaria y afianzamiento mercantil<\/td>\n<td style=\"width: 171.861px; text-align: center;\">Controversial issues about corporate administration and mercantile guarantee<\/td>\n<td style=\"width: 74.1528px; text-align: center;\">Castel\u00e1n<\/td>\n<td style=\"width: 57.1944px; text-align: center;\">Castel\u00e1n<\/td>\n<td style=\"width: 87.25px; text-align: center;\">1\u00aa Ord<\/td>\n<td style=\"width: 65.25px; text-align: center;\">Finalizada<\/td>\n<td style=\"width: 75.1806px; text-align: center;\">22\/02\/2018<\/td>\n<td style=\"width: 142.236px; text-align: center;\">Constenla Vega Javier,\u00a0 Montero Vilar Jos\u00e9 Antonio<\/td>\n<td style=\"width: 87.2778px; text-align: center;\">Lotario Vilaboy Lois<\/td>\n<\/tr>\n<tr>\n<td style=\"width: 77.0417px; text-align: center;\">\u00a0<\/td>\n<td style=\"width: 82.8194px; text-align: center;\">\u00a0<\/td>\n<td style=\"width: 65.1944px; text-align: center;\">P3341119<\/td>\n<td style=\"width: 171.972px; text-align: center;\">Constituci\u00f3n, transmisi\u00f3n e extinci\u00f3n nas sociedades de capital<\/td>\n<td style=\"width: 170.792px; text-align: center;\">Constituci\u00f3n, transmisi\u00f3n y extinci\u00f3n en las sociedades de capital<\/td>\n<td style=\"width: 171.861px; text-align: center;\">Contitution, transmission and extinction in capital companies<\/td>\n<td style=\"width: 74.1528px; text-align: center;\">Castel\u00e1n<\/td>\n<td style=\"width: 57.1944px; text-align: center;\">Castel\u00e1n<\/td>\n<td style=\"width: 87.25px; text-align: center;\">1\u00aa Ord<\/td>\n<td style=\"width: 65.25px; text-align: center;\">Finalizada<\/td>\n<td style=\"width: 75.1806px; text-align: center;\">22\/02\/2018<\/td>\n<td style=\"width: 142.236px; text-align: center;\">Constenla Vega Javier,\u00a0 Montero Vilar Jos\u00e9 Antonio<\/td>\n<td style=\"width: 87.2778px; text-align: center;\">Lotario Vilaboy Lois<\/td>\n<\/tr>\n<tr>\n<td style=\"width: 77.0417px; text-align: center;\">\u00a0<\/td>\n<td style=\"width: 82.8194px; text-align: center;\">\u00a0<\/td>\n<td style=\"width: 65.1944px; text-align: center;\">P3341119<\/td>\n<td style=\"width: 171.972px; text-align: center;\">Resoluci\u00f3n pr\u00e1ctica de cuesti\u00f3ns xur\u00eddico-mercantis relativas \u00e1 dependencia econ\u00f3mica, a administraci\u00f3n de feito e a extinci\u00f3n nas sociedades de capitais<\/td>\n<td style=\"width: 170.792px; text-align: center;\">Resoluci\u00f3n pr\u00e1ctica de cuestiones jur\u00eddico- mercantiles relativas a la dependencia econ\u00f3mica, la administraci\u00f3n de hecho y la extinci\u00f3n en las sociedades de capital<\/td>\n<td style=\"width: 171.861px; text-align: center;\">Practical resolution os commercial legal issues about economic dependence, fact administration and extinction, in capital companies<\/td>\n<td style=\"width: 74.1528px; text-align: center;\">Castel\u00e1n<\/td>\n<td style=\"width: 57.1944px; text-align: center;\">Castel\u00e1n<\/td>\n<td style=\"width: 87.25px; text-align: center;\">1\u00aa Ord<\/td>\n<td style=\"width: 65.25px; text-align: center;\">Finalizada<\/td>\n<td style=\"width: 75.1806px; text-align: center;\">22\/02\/2018<\/td>\n<td style=\"width: 142.236px; text-align: center;\">Constenla Vega Javier,\u00a0 Montero Vilar Jos\u00e9 Antonio<\/td>\n<td style=\"width: 87.2778px; text-align: center;\">Lotario Vilaboy Lois<\/td>\n<\/tr>\n<tr>\n<td style=\"width: 77.0417px; text-align: center;\">\u00a0<\/td>\n<td style=\"width: 82.8194px; text-align: center;\">\u00a0<\/td>\n<td style=\"width: 65.1944px; text-align: center;\">P3341119<\/td>\n<td style=\"width: 171.972px; text-align: center;\">A sucesi\u00f3n das empresas e a subrogaci\u00f3n en referencia ao sector da seguridade privada e a relevancia dos montantes compensatorios acordados en cl\u00e1usulas de blindaxe<\/td>\n<td style=\"width: 170.792px; text-align: center;\">La sucesi\u00f3n de empresas y la subrogaci\u00f3n con referencia al sector de la seguridad privada y la relevancia de las cuant\u00edas indemnizatorias pactadas en cl\u00e1usulas de blindaje<\/td>\n<td style=\"width: 171.861px; text-align: center;\">The succession of companies and the subrogation with reference to the sector of the private security and the relevance of the indemnity amounts agreed in shielding clauses<\/td>\n<td style=\"width: 74.1528px; text-align: center;\">Castel\u00e1n<\/td>\n<td style=\"width: 57.1944px; text-align: center;\">Castel\u00e1n<\/td>\n<td style=\"width: 87.25px; text-align: center;\">1\u00aa Ord<\/td>\n<td style=\"width: 65.25px; text-align: center;\">Finalizada<\/td>\n<td style=\"width: 75.1806px; text-align: center;\">23\/02\/2018<\/td>\n<td style=\"width: 142.236px; text-align: center;\">Blanco Lobeiras Pedro,\u00a0 Calo Amigo C\u00e1ndido<\/td>\n<td style=\"width: 87.2778px; text-align: center;\">Lotario Vilaboy Lois<\/td>\n<\/tr>\n<tr>\n<td style=\"width: 77.0417px; text-align: center;\">\u00a0<\/td>\n<td style=\"width: 82.8194px; text-align: center;\">\u00a0<\/td>\n<td style=\"width: 65.1944px; text-align: center;\">P3341119<\/td>\n<td style=\"width: 171.972px; text-align: center;\">O contrato de fin de obra e problem\u00e1tica laboral que deriva na extinci\u00f3n do contrato por parte do traballador: o mobbing<\/td>\n<td style=\"width: 170.792px; text-align: center;\">El contrato de fin de obra y problem\u00e1tica laboral que deriva en la extinci\u00f3n del contrato por parte del trabajador: el mobbing<\/td>\n<td style=\"width: 171.861px; text-align: center;\">ontract for a specific project and labour issues that lead the employee to terminate their employment contract unilaterally: mobbing<\/td>\n<td style=\"width: 74.1528px; text-align: center;\">Castel\u00e1n<\/td>\n<td style=\"width: 57.1944px; text-align: center;\">Castel\u00e1n<\/td>\n<td style=\"width: 87.25px; text-align: center;\">1\u00aa Ord<\/td>\n<td style=\"width: 65.25px; text-align: center;\">Finalizada<\/td>\n<td style=\"width: 75.1806px; text-align: center;\">23\/02\/2018<\/td>\n<td style=\"width: 142.236px; text-align: center;\">Blanco Lobeiras Pedro,\u00a0 Calo Amigo C\u00e1ndido<\/td>\n<td style=\"width: 87.2778px; text-align: center;\">Lotario Vilaboy Lois<\/td>\n<\/tr>\n<tr>\n<td style=\"width: 77.0417px; text-align: center;\">\u00a0<\/td>\n<td style=\"width: 82.8194px; text-align: center;\">\u00a0<\/td>\n<td style=\"width: 65.1944px; text-align: center;\">P3341119<\/td>\n<td style=\"width: 171.972px; text-align: center;\">A extinci\u00f3n voluntaria do contrato de traballo por incumprimentos do empresario, a responsabilidade subsidaria do FOGASA en caso de insolvencia e as consecuencias do incumprimento das obrigas empresariais<\/td>\n<td style=\"width: 170.792px; text-align: center;\">La extinci\u00f3n voluntaria del contrato de trabajo por incumplimientos del empresario, la responsabilidad subsidiaria del FOGASA en caso de insolvencia y las consecuencias del incumplimiento de las obligaciones empresariales<\/td>\n<td style=\"width: 171.861px; text-align: center;\">The voluntary extinction of the employment contract for breach of the employer, the subsidiary responsibility of FOGASA in case of insolvency and the consequences of non-compliance with business obligations<\/td>\n<td style=\"width: 74.1528px; text-align: center;\">Castel\u00e1n<\/td>\n<td style=\"width: 57.1944px; text-align: center;\">Castel\u00e1n<\/td>\n<td style=\"width: 87.25px; text-align: center;\">1\u00aa Ord<\/td>\n<td style=\"width: 65.25px; text-align: center;\">Finalizada<\/td>\n<td style=\"width: 75.1806px; text-align: center;\">23\/02\/2018<\/td>\n<td style=\"width: 142.236px; text-align: center;\">Blanco Lobeiras Pedro,\u00a0 Calo Amigo C\u00e1ndido<\/td>\n<td style=\"width: 87.2778px; text-align: center;\">Lotario Vilaboy Lois<\/td>\n<\/tr>\n<tr>\n<td style=\"width: 77.0417px; text-align: center;\">\u00a0<\/td>\n<td style=\"width: 82.8194px; text-align: center;\">\u00a0<\/td>\n<td style=\"width: 65.1944px; text-align: center;\">P3341119<\/td>\n<td style=\"width: 171.972px; text-align: center;\">R\u00e9gimen jur\u00eddico da movilidade xeogr\u00e1fica<\/td>\n<td style=\"width: 170.792px; text-align: center;\">R\u00e9gimen jur\u00eddico de la movilidad geogr\u00e1fica<\/td>\n<td style=\"width: 171.861px; text-align: center;\">Legal regime of geographical mobility<\/td>\n<td style=\"width: 74.1528px; text-align: center;\">Castel\u00e1n<\/td>\n<td style=\"width: 57.1944px; text-align: center;\">Castel\u00e1n<\/td>\n<td style=\"width: 87.25px; text-align: center;\">1\u00aa Ord<\/td>\n<td style=\"width: 65.25px; text-align: center;\">Finalizada<\/td>\n<td style=\"width: 75.1806px; text-align: center;\">23\/02\/2018<\/td>\n<td style=\"width: 142.236px; text-align: center;\">Blanco Lobeiras Pedro, Maneiro V\u00e1zquez Yolanda<\/td>\n<td style=\"width: 87.2778px; text-align: center;\">Lotario Vilaboy Lois<\/td>\n<\/tr>\n<tr>\n<td style=\"width: 77.0417px; text-align: center;\">\u00a0<\/td>\n<td style=\"width: 82.8194px; text-align: center;\">\u00a0<\/td>\n<td style=\"width: 65.1944px; text-align: center;\">P3341119<\/td>\n<td style=\"width: 171.972px; text-align: center;\">Movilidade xeogr\u00e1fica: identificaci\u00f3n, supostos, e canles de impugnaci\u00f3n individual e colectiva dos traballadores<\/td>\n<td style=\"width: 170.792px; text-align: center;\">Movilidad geogr\u00e1fica: identificaci\u00f3n, supuestos, y v\u00edas de impugnaci\u00f3n individual y colectiva de los trabajadores<\/td>\n<td style=\"width: 171.861px; text-align: center;\">Geographical mobility: identification of cases and individual and collective challenge of workers<\/td>\n<td style=\"width: 74.1528px; text-align: center;\">Castel\u00e1n<\/td>\n<td style=\"width: 57.1944px; text-align: center;\">Castel\u00e1n<\/td>\n<td style=\"width: 87.25px; text-align: center;\">1\u00aa Ord<\/td>\n<td style=\"width: 65.25px; text-align: center;\">Finalizada<\/td>\n<td style=\"width: 75.1806px; text-align: center;\">23\/02\/2018<\/td>\n<td style=\"width: 142.236px; text-align: center;\">Blanco Lobeiras Pedro, Maneiro V\u00e1zquez Yolanda<\/td>\n<td style=\"width: 87.2778px; text-align: center;\">Lotario Vilaboy Lois<\/td>\n<\/tr>\n<tr>\n<td style=\"width: 77.0417px; text-align: center;\">\u00a0<\/td>\n<td style=\"width: 82.8194px; text-align: center;\">\u00a0<\/td>\n<td style=\"width: 65.1944px; text-align: center;\">P3341119<\/td>\n<td style=\"width: 171.972px; text-align: center;\">A modificaci\u00f3n substancial das condici\u00f3ns de traballo: reduci\u00f3n do horario laboral e reduci\u00f3n do salario<\/td>\n<td style=\"width: 170.792px; text-align: center;\">La modificaci\u00f3n sustancial de las condiciones de trabajo: reducci\u00f3n de jornada y reducci\u00f3n de salario<\/td>\n<td style=\"width: 171.861px; text-align: center;\">The substancial modification of working conditions: reduction of working hours and reduction of salary<\/td>\n<td style=\"width: 74.1528px; text-align: center;\">Castel\u00e1n<\/td>\n<td style=\"width: 57.1944px; text-align: center;\">Castel\u00e1n<\/td>\n<td style=\"width: 87.25px; text-align: center;\">1\u00aa Ord<\/td>\n<td style=\"width: 65.25px; text-align: center;\">Finalizada<\/td>\n<td style=\"width: 75.1806px; text-align: center;\">23\/02\/2018<\/td>\n<td style=\"width: 142.236px; text-align: center;\">Blanco Lobeiras Pedro, Maneiro V\u00e1zquez Yolanda<\/td>\n<td style=\"width: 87.2778px; text-align: center;\">Lotario Vilaboy Lois<\/td>\n<\/tr>\n<tr>\n<td style=\"width: 77.0417px; text-align: center;\">\u00a0<\/td>\n<td style=\"width: 82.8194px; text-align: center;\">\u00a0<\/td>\n<td style=\"width: 65.1944px; text-align: center;\">P3341119<\/td>\n<td style=\"width: 171.972px; text-align: center;\">Modificaci\u00f3n sustancial das condici\u00f3ns de traballo: preferencia dos traballadores e execuci\u00f3n da sentenza<\/td>\n<td style=\"width: 170.792px; text-align: center;\">Modificaci\u00f3n sustancial de las condici\u00f3ns de trabajo: preferencia de los trabajadores y ejecuci\u00f3n de la sentencia<\/td>\n<td style=\"width: 171.861px; text-align: center;\">Substantial amendment of the working conditions: preference of the workers and execution of the judgment<\/td>\n<td style=\"width: 74.1528px; text-align: center;\">Castel\u00e1n<\/td>\n<td style=\"width: 57.1944px; text-align: center;\">Castel\u00e1n<\/td>\n<td style=\"width: 87.25px; text-align: center;\">1\u00aa Ord<\/td>\n<td style=\"width: 65.25px; text-align: center;\">Finalizada<\/td>\n<td style=\"width: 75.1806px; text-align: center;\">23\/02\/2018<\/td>\n<td style=\"width: 142.236px; text-align: center;\">Blanco Lobeiras Pedro, Maneiro V\u00e1zquez Yolanda<\/td>\n<td style=\"width: 87.2778px; text-align: center;\">Lotario Vilaboy Lois<\/td>\n<\/tr>\n<tr>\n<td style=\"width: 77.0417px; text-align: center;\">\u00a0<\/td>\n<td style=\"width: 82.8194px; text-align: center;\">\u00a0<\/td>\n<td style=\"width: 65.1944px; text-align: center;\">P3341119<\/td>\n<td style=\"width: 171.972px; text-align: center;\">A modificaci\u00f3n substancial das condici\u00f3ns de traballo de car\u00e1cter individual: procedemento para a s\u00faa adopci\u00f3n e impugnaci\u00f3n xudicial<\/td>\n<td style=\"width: 170.792px; text-align: center;\">La modificaci\u00f3n substancial de las condiciones de trabajo de car\u00e1cter individual: procedimiento para su adopci\u00f3n e impugnaci\u00f3n judicial<\/td>\n<td style=\"width: 171.861px; text-align: center;\">Substantial individual modification in working conditions: the proceeding for their adoption and the judicial challenge<\/td>\n<td style=\"width: 74.1528px; text-align: center;\">Castel\u00e1n<\/td>\n<td style=\"width: 57.1944px; text-align: center;\">Castel\u00e1n<\/td>\n<td style=\"width: 87.25px; text-align: center;\">1\u00aa Ord<\/td>\n<td style=\"width: 65.25px; text-align: center;\">Finalizada<\/td>\n<td style=\"width: 75.1806px; text-align: center;\">23\/02\/2018<\/td>\n<td style=\"width: 142.236px; text-align: center;\">Blanco Lobeiras Pedro, Maneiro V\u00e1zquez Yolanda<\/td>\n<td style=\"width: 87.2778px; text-align: center;\">Lotario Vilaboy Lois<\/td>\n<\/tr>\n<tr>\n<td style=\"width: 77.0417px; text-align: center;\">\u00a0<\/td>\n<td style=\"width: 82.8194px; text-align: center;\">\u00a0<\/td>\n<td style=\"width: 65.1944px; text-align: center;\">P3341119<\/td>\n<td style=\"width: 171.972px; text-align: center;\">A notificaci\u00f3n e a suspensi\u00f3n da executoriedade dos actos administrativos. Especial menci\u00f3n a s\u00faa incidencia no eido tributario<\/td>\n<td style=\"width: 170.792px; text-align: center;\">La notificaci\u00f3n y la suspensi\u00f3n de la ejecutoriedad de los actos administrativos .Especial menci\u00f3n a su incidencia en el \u00e1mbito tributario<\/td>\n<td style=\"width: 171.861px; text-align: center;\">The notification and suspension of the enforceability of administrative acts. Particular attention to its influence on tax matter<\/td>\n<td style=\"width: 74.1528px; text-align: center;\">Castel\u00e1n<\/td>\n<td style=\"width: 57.1944px; text-align: center;\">Castel\u00e1n<\/td>\n<td style=\"width: 87.25px; text-align: center;\">1\u00aa Ord<\/td>\n<td style=\"width: 65.25px; text-align: center;\">Finalizada<\/td>\n<td style=\"width: 75.1806px; text-align: center;\">22\/02\/2018<\/td>\n<td style=\"width: 142.236px; text-align: center;\">Garrido Juncal Andrea, Varela Ferreiro Juan Jos\u00e9<\/td>\n<td style=\"width: 87.2778px; text-align: center;\">Lotario Vilaboy Lois<\/td>\n<\/tr>\n<tr>\n<td style=\"width: 77.0417px; text-align: center;\">\u00a0<\/td>\n<td style=\"width: 82.8194px; text-align: center;\">\u00a0<\/td>\n<td style=\"width: 65.1944px; text-align: center;\">P3341119<\/td>\n<td style=\"width: 171.972px; text-align: center;\">O procedemento de constreximento sobre o patrimonio, con especial referencia \u00e1 posibilidade de impugnaci\u00f3n da providencia de constreximento<\/td>\n<td style=\"width: 170.792px; text-align: center;\">El procedimiento de apremio sobre el patrimonio, con especial referencia a la posibilidad de impugnaci\u00f3n de la providencia de apremio<\/td>\n<td style=\"width: 171.861px; text-align: center;\">The procedure of constraint on the heritage. Particular mention to the possibility of its objection in court<\/td>\n<td style=\"width: 74.1528px; text-align: center;\">Castel\u00e1n<\/td>\n<td style=\"width: 57.1944px; text-align: center;\">Castel\u00e1n<\/td>\n<td style=\"width: 87.25px; text-align: center;\">1\u00aa Ord<\/td>\n<td style=\"width: 65.25px; text-align: center;\">Finalizada<\/td>\n<td style=\"width: 75.1806px; text-align: center;\">22\/02\/2018<\/td>\n<td style=\"width: 142.236px; text-align: center;\">Garrido Juncal Andrea, Varela Ferreiro Juan Jos\u00e9<\/td>\n<td style=\"width: 87.2778px; text-align: center;\">Lotario Vilaboy Lois<\/td>\n<\/tr>\n<tr>\n<td style=\"width: 77.0417px; text-align: center;\">\u00a0<\/td>\n<td style=\"width: 82.8194px; text-align: center;\">\u00a0<\/td>\n<td style=\"width: 65.1944px; text-align: center;\">P3341119<\/td>\n<td style=\"width: 171.972px; text-align: center;\">O deber de urbanizar. O seu incumprimento e consecuencias<\/td>\n<td style=\"width: 170.792px; text-align: center;\">El deber de urbanizar. Su incumplimiento y consecuencias<\/td>\n<td style=\"width: 171.861px; text-align: center;\">The Duty to urbanize. It\u2019s non-compliance and consequences<\/td>\n<td style=\"width: 74.1528px; text-align: center;\">Castel\u00e1n<\/td>\n<td style=\"width: 57.1944px; text-align: center;\">Castel\u00e1n<\/td>\n<td style=\"width: 87.25px; text-align: center;\">1\u00aa Ord<\/td>\n<td style=\"width: 65.25px; text-align: center;\">Finalizada<\/td>\n<td style=\"width: 75.1806px; text-align: center;\">22\/02\/2018<\/td>\n<td style=\"width: 142.236px; text-align: center;\">Garrido Juncal Andrea, Varela Ferreiro Juan Jos\u00e9<\/td>\n<td style=\"width: 87.2778px; text-align: center;\">Lotario Vilaboy Lois<\/td>\n<\/tr>\n<tr>\n<td style=\"width: 77.0417px; text-align: center;\">\u00a0<\/td>\n<td style=\"width: 82.8194px; text-align: center;\">\u00a0<\/td>\n<td style=\"width: 65.1944px; text-align: center;\">P3341119<\/td>\n<td style=\"width: 171.972px; text-align: center;\">A xesti\u00f3n do planeamento mediante a Xunta de Compensaci\u00f3n e os convenios de execuci\u00f3n<\/td>\n<td style=\"width: 170.792px; text-align: center;\">La gesti\u00f3n del planteamiento mediante la Junta de Compensaci\u00f3n y los convenios de ejecuci\u00f3n<\/td>\n<td style=\"width: 171.861px; text-align: center;\">The management of the planning through the Compensation Board and the urban developing agreements<\/td>\n<td style=\"width: 74.1528px; text-align: center;\">Castel\u00e1n<\/td>\n<td style=\"width: 57.1944px; text-align: center;\">Castel\u00e1n<\/td>\n<td style=\"width: 87.25px; text-align: center;\">1\u00aa Ord<\/td>\n<td style=\"width: 65.25px; text-align: center;\">Finalizada<\/td>\n<td style=\"width: 75.1806px; text-align: center;\">22\/02\/2018<\/td>\n<td style=\"width: 142.236px; text-align: center;\">Garrido Juncal Andrea, Varela Ferreiro Juan Jos\u00e9<\/td>\n<td style=\"width: 87.2778px; text-align: center;\">Lotario Vilaboy Lois<\/td>\n<\/tr>\n<tr>\n<td style=\"width: 77.0417px; text-align: center;\">\u00a0<\/td>\n<td style=\"width: 82.8194px; text-align: center;\">\u00a0<\/td>\n<td style=\"width: 65.1944px; text-align: center;\">P3341119<\/td>\n<td style=\"width: 171.972px; text-align: center;\">O r\u00e9xime de fora de ordenaci\u00f3n: mantemento do uso e realizaci\u00f3n de obras. Referencia \u00e1 entrada en domicilio para a comprobaci\u00f3n de denuncia urban\u00edstica<\/td>\n<td style=\"width: 170.792px; text-align: center;\">O r\u00e9xime de fora de ordenaci\u00f3n: mantemento do uso e realizaci\u00f3n de obras. Referencia \u00e1a entrada en domicilio para a comprobaci\u00f3n de denuncia urban\u00edstica<\/td>\n<td style=\"width: 171.861px; text-align: center;\">The legal regime of \u201coffside\u201d urban development: conservation of the use and completion of the construction. Particular attention to the entry into the premises in order to verify the urban complaint<\/td>\n<td style=\"width: 74.1528px; text-align: center;\">Castel\u00e1n<\/td>\n<td style=\"width: 57.1944px; text-align: center;\">Castel\u00e1n<\/td>\n<td style=\"width: 87.25px; text-align: center;\">1\u00aa Ord<\/td>\n<td style=\"width: 65.25px; text-align: center;\">Finalizada<\/td>\n<td style=\"width: 75.1806px; text-align: center;\">22\/02\/2018<\/td>\n<td style=\"width: 142.236px; text-align: center;\">Garrido Juncal Andrea, Varela Ferreiro Juan Jos\u00e9<\/td>\n<td style=\"width: 87.2778px; text-align: center;\">Lotario Vilaboy Lois<\/td>\n<\/tr>\n<tr>\n<td style=\"width: 77.0417px; text-align: center;\">\u00a0<\/td>\n<td style=\"width: 82.8194px; text-align: center;\">\u00a0<\/td>\n<td style=\"width: 65.1944px; text-align: center;\">P3341119<\/td>\n<td style=\"width: 171.972px; text-align: center;\">A protecci\u00f3n da legalidade urban\u00edstica: a acci\u00f3n de reposici\u00f3n da legalidade, as ordes de demolici\u00f3n e o r\u00e9xime de f\u00f3ra de ordenaci\u00f3n<\/td>\n<td style=\"width: 170.792px; text-align: center;\">La protecci\u00f3n de la legalidad urban\u00edstica: la acci\u00f3n de reposici\u00f3n de la legalidad, las \u00f3rdenes de demolici\u00f3n y el r\u00e9gimen de fuera de ordenaci\u00f3n<\/td>\n<td style=\"width: 171.861px; text-align: center;\">Ensuring Urban Planning Legality: Reinstatement of the Legality Action, Demolition Orders and Unregulated Buildings<\/td>\n<td style=\"width: 74.1528px; text-align: center;\">Galego<\/td>\n<td style=\"width: 57.1944px; text-align: center;\">Galego<\/td>\n<td style=\"width: 87.25px; text-align: center;\">1\u00aa Ord<\/td>\n<td style=\"width: 65.25px; text-align: center;\">Finalizada<\/td>\n<td style=\"width: 75.1806px; text-align: center;\">22\/02\/2018<\/td>\n<td style=\"width: 142.236px; text-align: center;\">Garrido Juncal Andrea, Varela Ferreiro Juan Jos\u00e9<\/td>\n<td style=\"width: 87.2778px; text-align: center;\">Lotario Vilaboy Lois<\/td>\n<\/tr>\n<tr>\n<td style=\"width: 77.0417px; text-align: center;\">\u00a0<\/td>\n<td style=\"width: 82.8194px; text-align: center;\">\u00a0<\/td>\n<td style=\"width: 65.1944px; text-align: center;\">P3341119<\/td>\n<td style=\"width: 171.972px; text-align: center;\">A responsabilidade do subcontratista sobre a xesti\u00f3n de residuos: vinculaci\u00f3n contractual administrativa entre os intervinientes en obra p\u00fablica, garant\u00eda da presunci\u00f3n de inocencia e principio de proporcionalidade entre a conducta t\u00edpica e a sanci\u00f3n impo<\/td>\n<td style=\"width: 170.792px; text-align: center;\">La responsabilidad del subcontratista sobre la gesti\u00f3n de residuos: vinculaci\u00f3n contractual administrativa entre los intervinientes en obra p\u00fablica, garant\u00eda de la presunci\u00f3n de inocencia y principio de proporcionalidad entre la conducta t\u00edpica y la sanci<\/td>\n<td style=\"width: 171.861px; text-align: center;\">The responsibility of the subcontractor on the management of waste: administrative contractual link between the participants in public works, warranty of the presumption of innocence and principle of proportionality between the typical conduct and the san<\/td>\n<td style=\"width: 74.1528px; text-align: center;\">Castel\u00e1n<\/td>\n<td style=\"width: 57.1944px; text-align: center;\">Castel\u00e1n<\/td>\n<td style=\"width: 87.25px; text-align: center;\">1\u00aa Ord<\/td>\n<td style=\"width: 65.25px; text-align: center;\">Finalizada<\/td>\n<td style=\"width: 75.1806px; text-align: center;\">22\/02\/2018<\/td>\n<td style=\"width: 142.236px; text-align: center;\">Garrido Juncal Andrea, S\u00e1nchez-Agustino Mari\u00f1o Javier<\/td>\n<td style=\"width: 87.2778px; text-align: center;\">Lotario Vilaboy Lois<\/td>\n<\/tr>\n<tr>\n<td style=\"width: 77.0417px; text-align: center;\">\u00a0<\/td>\n<td style=\"width: 82.8194px; text-align: center;\">\u00a0<\/td>\n<td style=\"width: 65.1944px; text-align: center;\">P3341119<\/td>\n<td style=\"width: 171.972px; text-align: center;\">A potestade sancionadora da Administraci\u00f3n: aplicaci\u00f3n e l\u00edmites no \u00e1mbito do Dereito medioambiental con especial atenci\u00f3n \u00e1 xesti\u00f3n de residuos en obra p\u00fablica<\/td>\n<td style=\"width: 170.792px; text-align: center;\">La potestad sancionadora de la Administraci\u00f3n: aplicaci\u00f3n y l\u00edmites en el \u00e1mbito del Derecho medioambiental con especial atenci\u00f3n a la gesti\u00f3n de residuos en obra p\u00fablica<\/td>\n<td style=\"width: 171.861px; text-align: center;\">The Sanctioning Powers of the Administration: Application and Limits in the Field of Environmental Law with Special Attention to the Management of Waste in Public Works<\/td>\n<td style=\"width: 74.1528px; text-align: center;\">Castel\u00e1n<\/td>\n<td style=\"width: 57.1944px; text-align: center;\">Castel\u00e1n<\/td>\n<td style=\"width: 87.25px; text-align: center;\">1\u00aa Ord<\/td>\n<td style=\"width: 65.25px; text-align: center;\">Finalizada<\/td>\n<td style=\"width: 75.1806px; text-align: center;\">22\/02\/2018<\/td>\n<td style=\"width: 142.236px; text-align: center;\">Garrido Juncal Andrea, S\u00e1nchez-Agustino Mari\u00f1o Javier<\/td>\n<td style=\"width: 87.2778px; text-align: center;\">Lotario Vilaboy Lois<\/td>\n<\/tr>\n<tr>\n<td style=\"width: 77.0417px; text-align: center;\">\u00a0<\/td>\n<td style=\"width: 82.8194px; text-align: center;\">\u00a0<\/td>\n<td style=\"width: 65.1944px; text-align: center;\">P3341119<\/td>\n<td style=\"width: 171.972px; text-align: center;\">O procedemento administrativo sancionador con especial referencia \u00e1 carga da proba e \u00f3 principio de culpabilidade<\/td>\n<td style=\"width: 170.792px; text-align: center;\">El procedimiento administrativo sancionador con especial referencia a la carga de la prueba y al principio de culpabilidad<\/td>\n<td style=\"width: 171.861px; text-align: center;\">The sanctioning administrativa procedure with special reference to the burden of proof and the principle of culpability<\/td>\n<td style=\"width: 74.1528px; text-align: center;\">Castel\u00e1n<\/td>\n<td style=\"width: 57.1944px; text-align: center;\">Castel\u00e1n<\/td>\n<td style=\"width: 87.25px; text-align: center;\">1\u00aa Ord<\/td>\n<td style=\"width: 65.25px; text-align: center;\">Finalizada<\/td>\n<td style=\"width: 75.1806px; text-align: center;\">22\/02\/2018<\/td>\n<td style=\"width: 142.236px; text-align: center;\">Garrido Juncal Andrea, S\u00e1nchez-Agustino Mari\u00f1o Javier<\/td>\n<td style=\"width: 87.2778px; text-align: center;\">Lotario Vilaboy Lois<\/td>\n<\/tr>\n<tr>\n<td style=\"width: 77.0417px; text-align: center;\">\u00a0<\/td>\n<td style=\"width: 82.8194px; text-align: center;\">\u00a0<\/td>\n<td style=\"width: 65.1944px; text-align: center;\">P3341119<\/td>\n<td style=\"width: 171.972px; text-align: center;\">Aspectos pr\u00e1cticos do Dereito de defensa: o principio non bis in \u00eddem, o axuizamento das personas xur\u00eddicas e a tutela xudicial ante o testigo an\u00f3nimo<\/td>\n<td style=\"width: 170.792px; text-align: center;\">Aspectos pr\u00e1cticos del derecho de defensa: el principio non bis in \u00eddem, el enjuiciamiento de las personas jur\u00eddicas y la tutela judicial ante el testigo an\u00f3nimo<\/td>\n<td style=\"width: 171.861px; text-align: center;\">Practical aspects of the rights of the defence: double jeopardy, corporate criminal liability and judicial protection in cases concerning anonymous witnesses<\/td>\n<td style=\"width: 74.1528px; text-align: center;\">Castel\u00e1n<\/td>\n<td style=\"width: 57.1944px; text-align: center;\">Castel\u00e1n<\/td>\n<td style=\"width: 87.25px; text-align: center;\">1\u00aa Ord<\/td>\n<td style=\"width: 65.25px; text-align: center;\">Finalizada<\/td>\n<td style=\"width: 75.1806px; text-align: center;\">22\/02\/2018<\/td>\n<td style=\"width: 142.236px; text-align: center;\">Catalina Benavente, Mar\u00eda de los \u00c1ngeles, Su\u00e1rez Losada \u00c1ngel Lu\u00eds, V\u00e1zquez-Portome\u00f1e Seijas, Fernando Antonio<\/td>\n<td style=\"width: 87.2778px; text-align: center;\">Lotario Vilaboy Lois<\/td>\n<\/tr>\n<tr>\n<td style=\"width: 77.0417px; text-align: center;\">\u00a0<\/td>\n<td style=\"width: 82.8194px; text-align: center;\">\u00a0<\/td>\n<td style=\"width: 65.1944px; text-align: center;\">P3341119<\/td>\n<td style=\"width: 171.972px; text-align: center;\">Aspectos substantivos e procesuais dos delitos de roubo de uso de veh\u00edculo e conduci\u00f3n sen permiso con especial referencia o chamamento do ofendido ao proceso<\/td>\n<td style=\"width: 170.792px; text-align: center;\">Aspectos sustantivos y procesales de los delitos de robo de uso de veh\u00edculo y conducci\u00f3n sin permiso con especial referencia a la llamada del ofendido al proceso<\/td>\n<td style=\"width: 171.861px; text-align: center;\">Substantive and procedural aspects of the crimes of theft of vehicle and driving without permission with special reference to the call of the offended to the process<\/td>\n<td style=\"width: 74.1528px; text-align: center;\">Castel\u00e1n<\/td>\n<td style=\"width: 57.1944px; text-align: center;\">Castel\u00e1n<\/td>\n<td style=\"width: 87.25px; text-align: center;\">1\u00aa Ord<\/td>\n<td style=\"width: 65.25px; text-align: center;\">Finalizada<\/td>\n<td style=\"width: 75.1806px; text-align: center;\">22\/02\/2018<\/td>\n<td style=\"width: 142.236px; text-align: center;\">Catalina Benavente, Mar\u00eda de los \u00c1ngeles, Su\u00e1rez Losada \u00c1ngel Lu\u00eds, V\u00e1zquez-Portome\u00f1e Seijas, Fernando Antonio<\/td>\n<td style=\"width: 87.2778px; text-align: center;\">Lotario Vilaboy Lois<\/td>\n<\/tr>\n<tr>\n<td style=\"width: 77.0417px; text-align: center;\">\u00a0<\/td>\n<td style=\"width: 82.8194px; text-align: center;\">\u00a0<\/td>\n<td style=\"width: 65.1944px; text-align: center;\">P3341119<\/td>\n<td style=\"width: 171.972px; text-align: center;\">A conformidade e as consecuencias do incumprimento da pena de multa no delito de hurto de uso de veh\u00edculo<\/td>\n<td style=\"width: 170.792px; text-align: center;\">La conformidad y las consecuencias del incumplimiento de la pena de multa en el delito de hurto de uso de veh\u00edculo<\/td>\n<td style=\"width: 171.861px; text-align: center;\">The compliance and the consequences of the non-compliance of the fine penalty in the crime of theft of vehicle use<\/td>\n<td style=\"width: 74.1528px; text-align: center;\">Castel\u00e1n<\/td>\n<td style=\"width: 57.1944px; text-align: center;\">Castel\u00e1n<\/td>\n<td style=\"width: 87.25px; text-align: center;\">1\u00aa Ord<\/td>\n<td style=\"width: 65.25px; text-align: center;\">Finalizada<\/td>\n<td style=\"width: 75.1806px; text-align: center;\">22\/02\/2018<\/td>\n<td style=\"width: 142.236px; text-align: center;\">Catalina Benavente, Mar\u00eda de los \u00c1ngeles, Su\u00e1rez Losada \u00c1ngel Lu\u00eds, V\u00e1zquez-Portome\u00f1e Seijas, Fernando Antonio<\/td>\n<td style=\"width: 87.2778px; text-align: center;\">Lotario Vilaboy Lois<\/td>\n<\/tr>\n<tr>\n<td style=\"width: 77.0417px; text-align: center;\">\u00a0<\/td>\n<td style=\"width: 82.8194px; text-align: center;\">\u00a0<\/td>\n<td style=\"width: 65.1944px; text-align: center;\">P3341119<\/td>\n<td style=\"width: 171.972px; text-align: center;\">Aspectos substantivos e procesuais do delito de falta de pagamento do art\u00edculo 227 del C\u00f3digo Penal<\/td>\n<td style=\"width: 170.792px; text-align: center;\">Aspectos sustantivos y procesales del delito de impago de pensiones del art\u00edculo 227 del C\u00f3digo Penal<\/td>\n<td style=\"width: 171.861px; text-align: center;\">Substantive and procedural aspects of the offence of non-payment of support in article 227 of the Spanish Criminal Code<\/td>\n<td style=\"width: 74.1528px; text-align: center;\">Castel\u00e1n<\/td>\n<td style=\"width: 57.1944px; text-align: center;\">Castel\u00e1n<\/td>\n<td style=\"width: 87.25px; text-align: center;\">1\u00aa Ord<\/td>\n<td style=\"width: 65.25px; text-align: center;\">Finalizada<\/td>\n<td style=\"width: 75.1806px; text-align: center;\">22\/02\/2018<\/td>\n<td style=\"width: 142.236px; text-align: center;\">Catalina Benavente, Mar\u00eda de los \u00c1ngeles, Su\u00e1rez Losada \u00c1ngel Lu\u00eds, V\u00e1zquez-Portome\u00f1e Seijas, Fernando Antonio<\/td>\n<td style=\"width: 87.2778px; text-align: center;\">Lotario Vilaboy Lois<\/td>\n<\/tr>\n<tr>\n<td style=\"width: 77.0417px; text-align: center;\">\u00a0<\/td>\n<td style=\"width: 82.8194px; text-align: center;\">\u00a0<\/td>\n<td style=\"width: 65.1944px; text-align: center;\">P3341119<\/td>\n<td style=\"width: 171.972px; text-align: center;\">Aspectos substantivos da acumulaci\u00f3n xur\u00eddica de condeas; cuesti\u00f3ns procesuais sobre a proposici\u00f3n de proba e delito de impago de alimentos do artigo 227 del C\u00f3digo Penal<\/td>\n<td style=\"width: 170.792px; text-align: center;\">Aspectos sustantivos de la acumulaci\u00f3n jur\u00eddica de condenas; cuestiones procesales acerca de la proposici\u00f3n de prueba y delito de impago de alimentos del art\u00edculo 227 del C\u00f3digo Penal<\/td>\n<td style=\"width: 171.861px; text-align: center;\">Substantive aspects of the legal accumulation of convictions; procedural questions about the evidence offer and crime of non-payment of maintenance of article 227 of the Penal Code<\/td>\n<td style=\"width: 74.1528px; text-align: center;\">Castel\u00e1n<\/td>\n<td style=\"width: 57.1944px; text-align: center;\">Castel\u00e1n<\/td>\n<td style=\"width: 87.25px; text-align: center;\">1\u00aa Ord<\/td>\n<td style=\"width: 65.25px; text-align: center;\">Finalizada<\/td>\n<td style=\"width: 75.1806px; text-align: center;\">22\/02\/2018<\/td>\n<td style=\"width: 142.236px; text-align: center;\">Catalina Benavente, Mar\u00eda de los \u00c1ngeles, Su\u00e1rez Losada \u00c1ngel Lu\u00eds, V\u00e1zquez-Portome\u00f1e Seijas, Fernando Antonio<\/td>\n<td style=\"width: 87.2778px; text-align: center;\">Lotario Vilaboy Lois<\/td>\n<\/tr>\n<tr>\n<td style=\"width: 77.0417px; text-align: center;\">\u00a0<\/td>\n<td style=\"width: 82.8194px; text-align: center;\">\u00a0<\/td>\n<td style=\"width: 65.1944px; text-align: center;\">P3341119<\/td>\n<td style=\"width: 171.972px; text-align: center;\">Aspectos sustantivos e procesuais da violencia de x\u00e9nero. Especial referencia \u00e1 orden de protecci\u00f3n e \u00f3 delito de coacci\u00f3ns<\/td>\n<td style=\"width: 170.792px; text-align: center;\">Aspectos sustantivos y procesales de la violencia de genero. Especial referencia a la orden de protecci\u00f3n y al delito de coacciones<\/td>\n<td style=\"width: 171.861px; text-align: center;\">Substantive and procedural aspects of gender violence. Special reference to the order of protection and the crime of coercion<\/td>\n<td style=\"width: 74.1528px; text-align: center;\">Castel\u00e1n<\/td>\n<td style=\"width: 57.1944px; text-align: center;\">Castel\u00e1n<\/td>\n<td style=\"width: 87.25px; text-align: center;\">1\u00aa Ord<\/td>\n<td style=\"width: 65.25px; text-align: center;\">Finalizada<\/td>\n<td style=\"width: 75.1806px; text-align: center;\">22\/02\/2018<\/td>\n<td style=\"width: 142.236px; text-align: center;\">Varela Gomez Bernardino,\u00a0 V\u00e1zquez-Portome\u00f1e Seijas Fernando Antonio,\u00a0Vivero Vizoso M. Mar<\/td>\n<td style=\"width: 87.2778px; text-align: center;\">Lotario Vilaboy Lois<\/td>\n<\/tr>\n<tr>\n<td style=\"width: 77.0417px; text-align: center;\">\u00a0<\/td>\n<td style=\"width: 82.8194px; text-align: center;\">\u00a0<\/td>\n<td style=\"width: 65.1944px; text-align: center;\">P3341119<\/td>\n<td style=\"width: 171.972px; text-align: center;\">Aspectos procesuais e pen\u00e1is da proba testifical nun procedemento penal por violencia de x\u00e9nero<\/td>\n<td style=\"width: 170.792px; text-align: center;\">Aspectos procesales y penales de la prueba testifical en un procedimiento penal por violencia de g\u00e9nero<\/td>\n<td style=\"width: 171.861px; text-align: center;\">Criminal and procedural aspects of the witness evidence in the criminal proceeding of gender based violence<\/td>\n<td style=\"width: 74.1528px; text-align: center;\">Castel\u00e1n<\/td>\n<td style=\"width: 57.1944px; text-align: center;\">Castel\u00e1n<\/td>\n<td style=\"width: 87.25px; text-align: center;\">1\u00aa Ord<\/td>\n<td style=\"width: 65.25px; text-align: center;\">Finalizada<\/td>\n<td style=\"width: 75.1806px; text-align: center;\">22\/02\/2018<\/td>\n<td style=\"width: 142.236px; text-align: center;\">Varela Gomez Bernardino, \u00a0V\u00e1zquez-Portome\u00f1e Seijas Fernando Antonio, Vivero Vizoso M. Mar<\/td>\n<td style=\"width: 87.2778px; text-align: center;\">Lotario Vilaboy Lois<\/td>\n<\/tr>\n<tr>\n<td style=\"width: 77.0417px; text-align: center;\">\u00a0<\/td>\n<td style=\"width: 82.8194px; text-align: center;\">\u00a0<\/td>\n<td style=\"width: 65.1944px; text-align: center;\">P3341119<\/td>\n<td style=\"width: 171.972px; text-align: center;\">Os novos delitos de apropiaci\u00f3n indebida e administraci\u00f3n desleal tras a reforma do C\u00f3digo Penal de 2015 e a s\u00faa proba, con especial menci\u00f3n \u00e1 testemu\u00f1a de referencia<\/td>\n<td style=\"width: 170.792px; text-align: center;\">Los nuevos delitos de apropiaci\u00f3n indebida y de administraci\u00f3n desleal tras la reforma del C\u00f3digo Penal de 2015 y su prueba, con especial menci\u00f3n al testigo de referencia<\/td>\n<td style=\"width: 171.861px; text-align: center;\">The new crimes of misappropriation and fraudulent management since the reform of the Criminal Code in 2015 and its proof, with particular mention of witness by reference<\/td>\n<td style=\"width: 74.1528px; text-align: center;\">Castel\u00e1n<\/td>\n<td style=\"width: 57.1944px; text-align: center;\">Castel\u00e1n<\/td>\n<td style=\"width: 87.25px; text-align: center;\">1\u00aa Ord<\/td>\n<td style=\"width: 65.25px; text-align: center;\">Finalizada<\/td>\n<td style=\"width: 75.1806px; text-align: center;\">22\/02\/2018<\/td>\n<td style=\"width: 142.236px; text-align: center;\">Varela Gomez Bernardino, \u00a0V\u00e1zquez-Portome\u00f1e Seijas Fernando Antonio, Vivero Vizoso M. Mar<\/td>\n<td style=\"width: 87.2778px; text-align: center;\">Lotario Vilaboy Lois<\/td>\n<\/tr>\n<tr>\n<td style=\"width: 77.0417px; text-align: center;\">\u00a0<\/td>\n<td style=\"width: 82.8194px; text-align: center;\">\u00a0<\/td>\n<td style=\"width: 65.1944px; text-align: center;\">P3341119<\/td>\n<td style=\"width: 171.972px; text-align: center;\">O delito de apropiaci\u00f3n indebida. Referencia especial \u00e1 evidencia de indicaci\u00f3ns e desenvolvemento xurisprudencial de casos agravados<\/td>\n<td style=\"width: 170.792px; text-align: center;\">El delito de apropiaci\u00f3n indebida. Especial referencia a la prueba de indicios y desarrollo jurisprudencial de supuestos agravados<\/td>\n<td style=\"width: 171.861px; text-align: center;\">The crime of misappropriation. Special reference to evidence of indications and jurisprudential development of aggravated cases<\/td>\n<td style=\"width: 74.1528px; text-align: center;\">Castel\u00e1n<\/td>\n<td style=\"width: 57.1944px; text-align: center;\">Castel\u00e1n<\/td>\n<td style=\"width: 87.25px; text-align: center;\">1\u00aa Ord<\/td>\n<td style=\"width: 65.25px; text-align: center;\">Finalizada<\/td>\n<td style=\"width: 75.1806px; text-align: center;\">22\/02\/2018<\/td>\n<td style=\"width: 142.236px; text-align: center;\">Varela Gomez Bernardino, \u00a0V\u00e1zquez-Portome\u00f1e Seijas Fernando Antonio, Vivero Vizoso M. Mar<\/td>\n<td style=\"width: 87.2778px; text-align: center;\">Lotario Vilaboy Lois<\/td>\n<\/tr>\n<tr>\n<td style=\"width: 77.0417px; text-align: center;\">\u00a0<\/td>\n<td style=\"width: 82.8194px; text-align: center;\">\u00a0<\/td>\n<td style=\"width: 65.1944px; text-align: center;\">P3341119<\/td>\n<td style=\"width: 171.972px; text-align: center;\">Aspectos substantivos e procesuais da partici\u00f3n da herdanza<\/td>\n<td style=\"width: 170.792px; text-align: center;\">Aspectos sustantivos y procesales de la partici\u00f3n de la herencia<\/td>\n<td style=\"width: 171.861px; text-align: center;\">Substantive and procedural aspects of the inheritance partition<\/td>\n<td style=\"width: 74.1528px; text-align: center;\">Castel\u00e1n<\/td>\n<td style=\"width: 57.1944px; text-align: center;\">Castel\u00e1n<\/td>\n<td style=\"width: 87.25px; text-align: center;\">1\u00aa Ord<\/td>\n<td style=\"width: 65.25px; text-align: center;\">Finalizada<\/td>\n<td style=\"width: 75.1806px; text-align: center;\">16\/07\/2018<\/td>\n<td style=\"width: 142.236px; text-align: center;\">Maro\u00f1o Gargallo Jes\u00fas Waldo, Rodr\u00edguez \u00c1lvarez Ana, Tigo Garc\u00eda Mar\u00eda Bel\u00e9n<\/td>\n<td style=\"width: 87.2778px; text-align: center;\">Lotario Vilaboy Lois<\/td>\n<\/tr>\n<tr>\n<td style=\"width: 77.0417px; text-align: center;\">\u00a0<\/td>\n<td style=\"width: 82.8194px; text-align: center;\">\u00a0<\/td>\n<td style=\"width: 65.1944px; text-align: center;\">P3341119<\/td>\n<td style=\"width: 171.972px; text-align: center;\">A extincion do contrato de traballo por vontade do traballador e a incidencia dos pactos de non concurrencia e permanencia<\/td>\n<td style=\"width: 170.792px; text-align: center;\">La extincion del contrato de trabajo por voluntad del trabajador y la incidencia de los pactos de no concurrencia y permanencia<\/td>\n<td style=\"width: 171.861px; text-align: center;\">The extinction of the contract of employment by the will of the worker and the incidence of non-compete and permanence agreements<\/td>\n<td style=\"width: 74.1528px; text-align: center;\">Castel\u00e1n<\/td>\n<td style=\"width: 57.1944px; text-align: center;\">Castel\u00e1n<\/td>\n<td style=\"width: 87.25px; text-align: center;\">1\u00aa Ord<\/td>\n<td style=\"width: 65.25px; text-align: center;\">Finalizada<\/td>\n<td style=\"width: 75.1806px; text-align: center;\">05\/07\/2018<\/td>\n<td style=\"width: 142.236px; text-align: center;\">Blanco Lobeiras Pedro,\u00a0 Calo Amigo C\u00e1ndido<\/td>\n<td style=\"width: 87.2778px; text-align: center;\">Lotario Vilaboy Lois<\/td>\n<\/tr>\n<tr>\n<td style=\"width: 77.0417px; text-align: center;\">\u00a0<\/td>\n<td style=\"width: 82.8194px; text-align: center;\">\u00a0<\/td>\n<td style=\"width: 65.1944px; text-align: center;\">P3341119<\/td>\n<td style=\"width: 171.972px; text-align: center;\">Dereito societario: responsabilidade dos administradores e impugnaci\u00f3n de acordos sociais.<\/td>\n<td style=\"width: 170.792px; text-align: center;\">Derecho societario: responsabilidad de los administradores e impugnaci\u00f3n de acuerdos sociales.<\/td>\n<td style=\"width: 171.861px; text-align: center;\">Corporate law: administrators responsability and challenge of social agreements<\/td>\n<td style=\"width: 74.1528px; text-align: center;\">Castel\u00e1n<\/td>\n<td style=\"width: 57.1944px; text-align: center;\">Castel\u00e1n<\/td>\n<td style=\"width: 87.25px; text-align: center;\">1\u00aa Ord<\/td>\n<td style=\"width: 65.25px; text-align: center;\">Finalizada<\/td>\n<td style=\"width: 75.1806px; text-align: center;\">05\/07\/2018<\/td>\n<td style=\"width: 142.236px; text-align: center;\">Mart\u00ednez-Olivares G\u00f3mez Jos\u00e9 Luis,\u00a0 Montero Vilar Jos\u00e9 Antonio<\/td>\n<td style=\"width: 87.2778px; text-align: center;\">Lotario Vilaboy Lois<\/td>\n<\/tr>\n<tr>\n<td style=\"width: 77.0417px; text-align: center;\">\u00a0<\/td>\n<td style=\"width: 82.8194px; text-align: center;\">\u00a0<\/td>\n<td style=\"width: 65.1944px; text-align: center;\">P3341119<\/td>\n<td style=\"width: 171.972px; text-align: center;\">Cuesti\u00f3ns practicas sobre o delicto do artigo 311 do C\u00f3digo Penal e a intervenci\u00f3n dos inspectores de traballo nos delictos do T\u00edtulo XV.<\/td>\n<td style=\"width: 170.792px; text-align: center;\">Cuestions practicas sobre el delito del art\u00edculo 311 del C\u00f3digo Penal y la intervenci\u00f3n de los inspectores de trabajo en los delitos del T\u00edtulo XV.<\/td>\n<td style=\"width: 171.861px; text-align: center;\">Questions about the crime of the article 311 in criminal code and the intervention of the labour inspectors in the area of crimes stipulated in title XV.<\/td>\n<td style=\"width: 74.1528px; text-align: center;\">Castel\u00e1n<\/td>\n<td style=\"width: 57.1944px; text-align: center;\">Castel\u00e1n<\/td>\n<td style=\"width: 87.25px; text-align: center;\">1\u00aa Ord<\/td>\n<td style=\"width: 65.25px; text-align: center;\">Finalizada<\/td>\n<td style=\"width: 75.1806px; text-align: center;\">05\/07\/2018<\/td>\n<td style=\"width: 142.236px; text-align: center;\">Catalina Benavente, Mar\u00eda de los \u00c1ngeles, Su\u00e1rez Losada \u00c1ngel Lu\u00eds, V\u00e1zquez-Portome\u00f1e Seijas, Fernando Antonio<\/td>\n<td style=\"width: 87.2778px; text-align: center;\">Lotario Vilaboy Lois<\/td>\n<\/tr>\n<tr>\n<td style=\"width: 77.0417px; text-align: center;\">\u00a0<\/td>\n<td style=\"width: 82.8194px; text-align: center;\">\u00a0<\/td>\n<td style=\"width: 65.1944px; text-align: center;\">P3341119<\/td>\n<td style=\"width: 171.972px; text-align: center;\">Aplicaci\u00f3n pr\u00e1ctica do valor liberatorio do finiquito no despido. Apuntes sobre a conciliaci\u00f3n preprocesal. Consideraci\u00f3ns do despido obxetivo en situaci\u00f3n do ERTE<\/td>\n<td style=\"width: 170.792px; text-align: center;\">Aplicaci\u00f3n pr\u00e1ctica del valor liberatorio del finiquito en el despido. Apuntes sobre la conciliaci\u00f3n preprocesal. Consideraciones del despido objetivo en situaci\u00f3n del ERTE<\/td>\n<td style=\"width: 171.861px; text-align: center;\">Practice application about settlement liberaty value in the dismissal. Notes about preprocess conciliation. Considerations in the objective dismissal for ERTE<\/td>\n<td style=\"width: 74.1528px; text-align: center;\">Castel\u00e1n<\/td>\n<td style=\"width: 57.1944px; text-align: center;\">Castel\u00e1n<\/td>\n<td style=\"width: 87.25px; text-align: center;\">1\u00aa Ord<\/td>\n<td style=\"width: 65.25px; text-align: center;\">Finalizada<\/td>\n<td style=\"width: 75.1806px; text-align: center;\">03\/07\/2018<\/td>\n<td style=\"width: 142.236px; text-align: center;\">Blanco Lobeiras Pedro,\u00a0 Calo Amigo C\u00e1ndido<\/td>\n<td style=\"width: 87.2778px; text-align: center;\">Lotario Vilaboy Lois<\/td>\n<\/tr>\n<tr>\n<td style=\"width: 77.0417px; text-align: center;\">\u00a0<\/td>\n<td style=\"width: 82.8194px; text-align: center;\">\u00a0<\/td>\n<td style=\"width: 65.1944px; text-align: center;\">P3341119<\/td>\n<td style=\"width: 171.972px; text-align: center;\">Alta na seguridade social dos socios traballadores nas sociedades de capital e a extinci\u00f3n do contrato por incumprimento empresarial<\/td>\n<td style=\"width: 170.792px; text-align: center;\">Alta en la seguridad social de los socios trabajadores en las sociedades de capital y la extinci\u00f3n del contrato por incumplimiento empresarial<\/td>\n<td style=\"width: 171.861px; text-align: center;\">Social security registration for partners in a society of capital and the termination of contract caused by the entrepreneur<\/td>\n<td style=\"width: 74.1528px; text-align: center;\">Castel\u00e1n<\/td>\n<td style=\"width: 57.1944px; text-align: center;\">Castel\u00e1n<\/td>\n<td style=\"width: 87.25px; text-align: center;\">1\u00aa Ord<\/td>\n<td style=\"width: 65.25px; text-align: center;\">Finalizada<\/td>\n<td style=\"width: 75.1806px; text-align: center;\">05\/07\/2018<\/td>\n<td style=\"width: 142.236px; text-align: center;\">Blanco Lobeiras Pedro,\u00a0 Calo Amigo C\u00e1ndido<\/td>\n<td style=\"width: 87.2778px; text-align: center;\">Lotario Vilaboy Lois<\/td>\n<\/tr>\n<\/tbody>\n<\/table>\n<p>&nbsp;<\/p>\n<p>TRIBUNAIS DO TFM E CALENDARIO DE DEFENSA DOS TRABALLOS &#8211; 2\u00aa CONVOCATORIA (xu\u00f1o 2018):<\/p>\n<p><a href=\"http:\/\/epxsantiago.org\/mua-2016-2018-2\/traballo-fin-de-master\/xuno-tribunales-tfm-2017-2018\/\" rel=\"attachment wp-att-2741\"><img loading=\"lazy\" decoding=\"async\" class=\"aligncenter size-large wp-image-2741\" src=\"http:\/\/vw15221.dinaserver.com\/hosting\/epxsantiago.org-web\/wp-content\/uploads\/2017\/04\/xu\u00f1o-TRIBUNALES-TFM-2017-2018-813x1024.jpg\" alt=\"\" width=\"813\" height=\"1024\" srcset=\"https:\/\/epxsantiago.org\/wp-content\/uploads\/2017\/04\/xu\u00f1o-TRIBUNALES-TFM-2017-2018-813x1024.jpg 813w, https:\/\/epxsantiago.org\/wp-content\/uploads\/2017\/04\/xu\u00f1o-TRIBUNALES-TFM-2017-2018-238x300.jpg 238w, https:\/\/epxsantiago.org\/wp-content\/uploads\/2017\/04\/xu\u00f1o-TRIBUNALES-TFM-2017-2018-768x967.jpg 768w, https:\/\/epxsantiago.org\/wp-content\/uploads\/2017\/04\/xu\u00f1o-TRIBUNALES-TFM-2017-2018-1080x1360.jpg 1080w, https:\/\/epxsantiago.org\/wp-content\/uploads\/2017\/04\/xu\u00f1o-TRIBUNALES-TFM-2017-2018.jpg 1649w\" sizes=\"auto, (max-width: 813px) 100vw, 813px\" \/><\/a><\/p>\n<p>TRIBUNAIS DO TFM E CALENDARIO DE DEFENSA DOS TRABALLOS &#8211; 1\u00aa CONVOCATORIA (febreiro 2018):<\/p>\n<p><a href=\"http:\/\/epxsantiago.org\/mua-2016-2018-2\/traballo-fin-de-master\/tribunais-tfm-2017-2018\/\" rel=\"attachment wp-att-2528\"><img loading=\"lazy\" decoding=\"async\" class=\"aligncenter size-large wp-image-2528\" src=\"http:\/\/epxsantiago.org\/wp-content\/uploads\/2017\/04\/TRIBUNAIS-TFM-2017-2018-597x1024.jpg\" alt=\"\" width=\"597\" height=\"1024\" srcset=\"https:\/\/epxsantiago.org\/wp-content\/uploads\/2017\/04\/TRIBUNAIS-TFM-2017-2018-597x1024.jpg 597w, https:\/\/epxsantiago.org\/wp-content\/uploads\/2017\/04\/TRIBUNAIS-TFM-2017-2018-175x300.jpg 175w, https:\/\/epxsantiago.org\/wp-content\/uploads\/2017\/04\/TRIBUNAIS-TFM-2017-2018-768x1316.jpg 768w, https:\/\/epxsantiago.org\/wp-content\/uploads\/2017\/04\/TRIBUNAIS-TFM-2017-2018-1080x1851.jpg 1080w, https:\/\/epxsantiago.org\/wp-content\/uploads\/2017\/04\/TRIBUNAIS-TFM-2017-2018.jpg 1654w\" sizes=\"auto, (max-width: 597px) 100vw, 597px\" \/><\/a><\/p>\n<p>&nbsp;<\/p>\n<p>Para o curso 2017-2018, na materia de <strong>Traballo Fin de M\u00e1ster\u00a0(P3341119),\u00a0<\/strong>as prazas ofertadas nas distintas \u00e1reas son as seguintes:<\/p>\n<ul>\n<li>Especialidade de Pr\u00e1ctica Xur\u00eddica \u00a0Civil &#8211; 12 prazas<\/li>\n<li>Especialidade de Pr\u00e1ctica Xur\u00eddica Mercantil -12 prazas<\/li>\n<li>Especialidade de Pr\u00e1ctica Xur\u00eddica Laboral -12 prazas<\/li>\n<li>Especialidade de Pr\u00e1ctica Xur\u00eddica Administrativa &#8211; 11 prazas<\/li>\n<li>Especialidade de Pr\u00e1ctica Xur\u00eddica Penal &#8211; 10 prazas<\/li>\n<\/ul>\n<p>&nbsp;<\/p>\n<p>[\/et_pb_text][\/et_pb_column][\/et_pb_row][\/et_pb_section]<\/p>\n","protected":false},"excerpt":{"rendered":"<p>M\u00e1ster oficial en Avogac\u00eda 2016-2018 \u00a0 Alumno\/a C\u00f3digo Materia Galego Materia Castel\u00e1n Materia Ingl\u00e9s Manuscrito Lectura Convocatoria Estado Data Estado Titor\/Cotitor Coordinador \u00a0 \u00a0 P3341119 Aplicaci\u00f3n pr\u00e1ctica do valor liberatorio do finiquito no despido. Apuntes sobre a conciliaci\u00f3n preprocesal. Consideraci\u00f3ns do despido obxetivo en situaci\u00f3n do ERTE Aplicaci\u00f3n pr\u00e1ctica del valor liberatorio del finiquito en [&hellip;]<\/p>\n","protected":false},"author":1,"featured_media":0,"parent":2334,"menu_order":15,"comment_status":"closed","ping_status":"closed","template":"","meta":{"_et_pb_use_builder":"on","_et_pb_old_content":"","_et_gb_content_width":"","footnotes":""},"class_list":["post-1397","page","type-page","status-publish","hentry"],"_links":{"self":[{"href":"https:\/\/epxsantiago.org\/index.php\/wp-json\/wp\/v2\/pages\/1397","targetHints":{"allow":["GET"]}}],"collection":[{"href":"https:\/\/epxsantiago.org\/index.php\/wp-json\/wp\/v2\/pages"}],"about":[{"href":"https:\/\/epxsantiago.org\/index.php\/wp-json\/wp\/v2\/types\/page"}],"author":[{"embeddable":true,"href":"https:\/\/epxsantiago.org\/index.php\/wp-json\/wp\/v2\/users\/1"}],"replies":[{"embeddable":true,"href":"https:\/\/epxsantiago.org\/index.php\/wp-json\/wp\/v2\/comments?post=1397"}],"version-history":[{"count":12,"href":"https:\/\/epxsantiago.org\/index.php\/wp-json\/wp\/v2\/pages\/1397\/revisions"}],"predecessor-version":[{"id":6971,"href":"https:\/\/epxsantiago.org\/index.php\/wp-json\/wp\/v2\/pages\/1397\/revisions\/6971"}],"up":[{"embeddable":true,"href":"https:\/\/epxsantiago.org\/index.php\/wp-json\/wp\/v2\/pages\/2334"}],"wp:attachment":[{"href":"https:\/\/epxsantiago.org\/index.php\/wp-json\/wp\/v2\/media?parent=1397"}],"curies":[{"name":"wp","href":"https:\/\/api.w.org\/{rel}","templated":true}]}}