{"id":496,"date":"2016-07-01T15:39:27","date_gmt":"2016-07-01T15:39:27","guid":{"rendered":"http:\/\/www.epxsantiago.org\/?page_id=496"},"modified":"2017-04-06T16:45:51","modified_gmt":"2017-04-06T16:45:51","slug":"historia","status":"publish","type":"page","link":"https:\/\/epxsantiago.org\/index.php\/presentacion\/historia","title":{"rendered":"HISTORIA"},"content":{"rendered":"<p>[et_pb_section bb_built=\u00bb1&#8243; admin_label=\u00bbSecci\u00f3n\u00bb fullwidth=\u00bbon\u00bb specialty=\u00bboff\u00bb][et_pb_fullwidth_image admin_label=\u00bbImagen de anchura completa\u00bb src=\u00bbhttp:\/\/epxsantiago.org\/wp-content\/uploads\/2017\/04\/DSC_9557-copia-e1491400499684.jpg\u00bb show_in_lightbox=\u00bboff\u00bb url_new_window=\u00bboff\u00bb use_overlay=\u00bboff\u00bb animation=\u00bbleft\u00bb use_border_color=\u00bboff\u00bb border_color=\u00bb#ffffff\u00bb border_style=\u00bbsolid\u00bb \/][\/et_pb_section][et_pb_section bb_built=\u00bb1&#8243; admin_label=\u00bbsection\u00bb transparent_background=\u00bboff\u00bb allow_player_pause=\u00bboff\u00bb inner_shadow=\u00bboff\u00bb parallax=\u00bboff\u00bb parallax_method=\u00bbon\u00bb custom_padding=\u00bb0px|||\u00bb make_fullwidth=\u00bboff\u00bb use_custom_width=\u00bboff\u00bb width_unit=\u00bbon\u00bb make_equal=\u00bboff\u00bb use_custom_gutter=\u00bboff\u00bb][et_pb_row admin_label=\u00bbFila\u00bb make_fullwidth=\u00bboff\u00bb use_custom_width=\u00bboff\u00bb width_unit=\u00bbon\u00bb use_custom_gutter=\u00bboff\u00bb custom_padding=\u00bb20px||0px|\u00bb allow_player_pause=\u00bboff\u00bb parallax=\u00bboff\u00bb parallax_method=\u00bbon\u00bb make_equal=\u00bboff\u00bb parallax_1=\u00bboff\u00bb parallax_method_1=\u00bboff\u00bb parallax_2=\u00bboff\u00bb parallax_method_2=\u00bboff\u00bb][et_pb_column type=\u00bb1_4&#8243;][\/et_pb_column][et_pb_column type=\u00bb3_4&#8243;][et_pb_text admin_label=\u00bbTexto\u00bb background_layout=\u00bblight\u00bb text_orientation=\u00bbcenter\u00bb use_border_color=\u00bboff\u00bb border_color=\u00bb#ffffff\u00bb border_style=\u00bbsolid\u00bb]<\/p>\n<h1 style=\"text-align: center;\">A Escola<\/h1>\n<p>[\/et_pb_text][et_pb_post_title admin_label=\u00bbT\u00edtulo de pagina\u00bb title=\u00bbon\u00bb meta=\u00bboff\u00bb author=\u00bbon\u00bb date=\u00bbon\u00bb categories=\u00bbon\u00bb comments=\u00bbon\u00bb featured_image=\u00bboff\u00bb featured_placement=\u00bbbelow\u00bb parallax_effect=\u00bboff\u00bb parallax_method=\u00bbon\u00bb text_orientation=\u00bbcenter\u00bb text_color=\u00bbdark\u00bb text_background=\u00bboff\u00bb text_bg_color=\u00bbrgba(255,255,255,0.9)\u00bb use_border_color=\u00bboff\u00bb border_color=\u00bb#ffffff\u00bb border_style=\u00bbsolid\u00bb title_font_size=\u00bb22px\u00bb custom_margin=\u00bb||0px|\u00bb \/][\/et_pb_column][\/et_pb_row][et_pb_row admin_label=\u00bbFila\u00bb][et_pb_column type=\u00bb1_4&#8243;][et_pb_sidebar admin_label=\u00bbBarra lateral\u00bb orientation=\u00bbleft\u00bb area=\u00bbet_pb_widget_area_3&#8243; background_layout=\u00bblight\u00bb remove_border=\u00bboff\u00bb \/][\/et_pb_column][et_pb_column type=\u00bb3_4&#8243;][et_pb_text admin_label=\u00bbTexto\u00bb background_layout=\u00bblight\u00bb text_orientation=\u00bbjustified\u00bb use_border_color=\u00bboff\u00bb border_color=\u00bb#ffffff\u00bb border_style=\u00bbsolid\u00bb]<\/p>\n<p>A <strong><span style=\"color: #000000;\">Escola de Pr\u00e1ctica Xur\u00eddica de Santiago de Compostela<\/span><\/strong> config\u00farase como un centro de formaci\u00f3n pr\u00e1ctica e de especializaci\u00f3n profesional, que ten por finalidade a eficaz formaci\u00f3n dos licenciados\/as e graduados\/as en dereito nas t\u00e9cnicas e formas de actuaci\u00f3n profesional propias da avogac\u00eda, da procurador\u00eda e doutras profesi\u00f3ns xur\u00eddicas, as\u00ed como a formaci\u00f3n continuada dos profesionais do dereito.<\/p>\n<p>Ten a s\u00faa orixe na <strong><span style=\"color: #000000;\">Escola de Pr\u00e1ctica Xur\u00eddica da Universidade de Santiago de Compostela<\/span><\/strong>, creada polo Real decreto 2394\/1981, do 20 de agosto, despois de que iniciase o expediente en 1978 a Facultade de Dereito en estreito contacto co Colexio de Avogados de Santiago de Compostela, e logo do posterior informe favorable da Xunta de Goberno desta Universidade emitido na s\u00faa sesi\u00f3n do 23 de xaneiro de 1979. Dentro da estrutura universitaria ten o car\u00e1cter de \u00abescola de especializaci\u00f3n profesional\u00bb [arts. 53 a 55 e disposici\u00f3n adicional 1\u00aa dos Estatutos da USC].<\/p>\n<p>Con posterioridade, o Colexio de Avogados de Santiago de Compostela creou a <span style=\"color: #000000;\"><strong>Escola de Pr\u00e1ctica Xur\u00eddica \u00abEugenio Montero R\u00edos\u00bb<\/strong>,<\/span> ao amparo das funci\u00f3ns que o Estatuto Xeral da Avogac\u00eda [art. 4.e) do xa derrogado RD 2090\/1982, do 24 de xullo; e actual art. 4, g), h), i) do Real decreto 658\/2001, do 22 de xu\u00f1o], reco\u00f1ece os colexios de avogados. O acordo foi da s\u00faa Xunta Xeral, de data 2 de xullo de 1991, despois da proposta da s\u00faa Xunta de Goberno; acordo\u00a0ao que se adheriu o Colexio de Procuradores de Santiago de Compostela o 3 de xullo de 1991.<\/p>\n<p>O 23 de novembro de 1994, froito das excelentes relaci\u00f3ns existentes entre os equipos de\u00a0goberno da Universidade de Santiago de Compostela e dos ilustres colexios de avogados e de procuradores da cidade, as\u00ednase un <span style=\"color: #000000;\"><strong>convenio de colaboraci\u00f3n<\/strong><\/span> entre as instituci\u00f3ns de que dependen as d\u00faas escolas, por medio do cal todas as actividades de formaci\u00f3n que cada unha vi\u00f1a realizando ata ese momento por separado, pasan a desenvolverse de forma conxunta baixo o nome de <strong><span style=\"color: #000000;\">ESCOLA DE PR\u00c1CTICA XUR\u00cdDICA DE SANTIAGO DE COMPOSTELA.<\/span><\/strong><\/p>\n<p>Esta colaboraci\u00f3n institucional, que xa dura m\u00e1is de vinte e dous anos, constit\u00fae unha experiencia mod\u00e9lica no noso pa\u00eds, agora seguida pola lei de acceso \u00e1s profesi\u00f3ns de avogado e de procurador do 27 de novembro de 2006; e que permitiu acadar \u00e1 Escola compostel\u00e1 un amplo reco\u00f1ecemento como centro especializado na formaci\u00f3n inicial e continuada dos avogados e procuradores galegos, situ\u00e1ndose dende xa hai tempo entre os m\u00e1is prestixiosos do Estado.<\/p>\n<p>Para un mellor cumprimento dos seus fins, a Escola mant\u00e9n tam\u00e9n unha estreita colaboraci\u00f3n cun amplo n\u00famero de administraci\u00f3ns p\u00fablicas, colexios profesionais, \u00f3rganos da administraci\u00f3n de xustiza e entidades privadas . Entre estas colaboraci\u00f3ns, enc\u00f3ntranse as que se mante\u00f1en con:<\/p>\n<p>\u2014 a <span style=\"color: #000000;\"><strong>XUNTA DE GALICIA<\/strong><\/span>:<\/p>\n<p>\u221a <em>Presidencia:<\/em> para a realizaci\u00f3n de pr\u00e1cticas profesionais polos licenciados\/as e graduados\/as en formaci\u00f3n, na Asesor\u00eda Xur\u00eddica Xeral e nas asesor\u00edas\u00a0 xur\u00eddicas das distintas conseller\u00edas e organismos aut\u00f3nomos dependentes da administraci\u00f3n auton\u00f3mica; e a impartici\u00f3n de\u00a0m\u00f3dulos de linguaxe xur\u00eddica galega.<\/p>\n<p>\u221a <em>Conseller\u00eda de Traballo e Benestar:<\/em> para promover a formaci\u00f3n pr\u00e1ctica dos licenciados\/as e graduados\/as en Dereito e facilitar a s\u00faa inserci\u00f3n no mercado\u00a0 laboral; e para a organizaci\u00f3n de actividades de formaci\u00f3n continuada.<\/p>\n<p>\u221a <em>Conseller\u00eda de Presidencia, Administraci\u00f3ns P\u00fablicas e Xustiza:<\/em> para\u00a0o financiamento dunha parte da actividade ordinaria da Escola; e a formaci\u00f3n dos futuros avogados nas pol\u00edticas de igualdade e non discriminaci\u00f3n, violencia de x\u00e9nero, protecci\u00f3n de menores e asesoramento a inmigrantes e refuxiados.<\/p>\n<p>\u221a <em>Conseller\u00eda de\u00a0Econom\u00eda e Industria:<\/em> para a realizaci\u00f3n de pr\u00e1cticas profesionais no Instituto Galego de Consumo.<\/p>\n<p>\u2014 a <span style=\"color: #000000;\"><strong>DEPUTACI\u00d3N PROVINCIAL DA CORU\u00d1A,<\/strong><\/span> para a realizaci\u00f3n de pr\u00e1cticas profesionais nos departamentos de urbanismo dos concellos da provincia da Coru\u00f1a; a organizaci\u00f3n de seminarios dirixidos a mellorar a formaci\u00f3n pedag\u00f3xica dos profesionais-colaboradores da\u00a0 Escola; e para a mellora das instalaci\u00f3ns e medios da Escola.<\/p>\n<p>\u2014 a\u00a0<strong><span style=\"color: #000000;\">DEPUTACI\u00d3N PROVINCIAL DE LUGO<\/span><\/strong>, para a realizaci\u00f3n de cursos de ver\u00e1n na provincia de Lugo.<\/p>\n<p>\u2014 o\u00a0<span style=\"color: #000000;\"><strong>CONCELLO DE SANTIAGO DE COMPOSTELA,<\/strong><\/span> para a realizaci\u00f3n de pr\u00e1cticas profesionais nas conceller\u00edas de Servizos Sociais, Urbanismo, no Servizo de Contrataci\u00f3n e Servizos Comunitarios e na Unidade Municipal de Atenci\u00f3n ao Drogodependente.<\/p>\n<p>\u2014 m\u00e1is de vinte <span style=\"color: #000000;\"><strong>CONCELLOS DA PROVINCIA DA CORU\u00d1A<\/strong><\/span>, para a realizaci\u00f3n de pr\u00e1cticas profesionais nos seus departamentos de urbanismo,\u00a0ao amparo do convenio asinado coa deputaci\u00f3n da Coru\u00f1a.<\/p>\n<p>\u2014 a <span style=\"color: #000000;\"><strong>XUNTA DE XU\u00cdCES DE SANTIAGO, a FISCAL\u00cdA DE SANTIAGO, SINDICATOS<\/strong><\/span>, etc, para a realizaci\u00f3n de pr\u00e1cticas profesionais \u00a0nos \u00f3rganos xudiciais e fiscal\u00eda.<\/p>\n<p>\u2014 a <span style=\"color: #000000;\"><strong>SOCIEDADE XERAL DE AUTORES E EDITORES<\/strong><\/span>, para a realizaci\u00f3n de pr\u00e1cticas profesionais na s\u00faa delegaci\u00f3n da Coru\u00f1a.<\/p>\n<p>\u2014 a <span style=\"color: #000000;\"><strong>EDITORIAL\u00a0XUR\u00cdDICA TIRANT\u00a0LO BLANCH,<\/strong><\/span> para a utilizaci\u00f3n gratu\u00edta das s\u00faas bases de datos xur\u00eddicas nas aulas da Escola, e \u00f3 \u00a0funcionamento dunha aula inform\u00e1tica Tirant lo Blanch nas instalaci\u00f3ns da Escola.<\/p>\n<p>\u2014 as <span style=\"color: #000000;\"><strong>EDITORIAIS XUR\u00cdDICAS THOMSOM ARANDAZI, LA LEY, El\u00a0DERECHO EDITORES,<\/strong><\/span> para a utilizaci\u00f3n gratu\u00edta das s\u00faas bases de datos xur\u00eddicas nas aulas da Escola.<\/p>\n<p>\u2014 a\u00a0<span style=\"color: #000000;\"><strong>FUNDACI\u00d3N CAIXA GALICIA<\/strong><\/span>, para a organizaci\u00f3n de cursos e xornadas de actualizaci\u00f3n profesional.<\/p>\n<p>As\u00ed mesmo, coa finalidade de captar recursos externos cos que contribu\u00edr \u00e1 mellora da formaci\u00f3n dos avogados e procuradores galegos, e dos profesionais da xustiza en xeral, a Escola concorre periodicamente \u00e1s diferentes convocatorias p\u00fablicas de financiamento de formaci\u00f3n xur\u00eddica [como a <span style=\"color: #000000;\"><strong>Acci\u00f3n Robert Schuman da Comisi\u00f3n Europea,<\/strong><\/span> que co-financiou un curso de dereito procesual comunitario nos sete colexios de avogados de Galicia durante os anos 1998 a 2002, e no que participaron vintecinco instituci\u00f3ns galegas]. Pola s\u00faa banda, o <span style=\"color: #000000;\"><strong>Parlamento Europeo<\/strong><\/span>, ben de forma institucional ou a trav\u00e9s dalg\u00fan dos seus deputados, axuda economicamente \u00e1 Escola compostel\u00e1 para que os seus licenciados\/as en formaci\u00f3n poidan realizar unha visita de traballo \u00e1s principais instituci\u00f3ns comunitarias.<\/p>\n<p>No futuro, \u00e9 obxectivo da direcci\u00f3n da Escola incrementar este tipo de convenios, iniciativas e proxectos; as\u00ed como fomentar programas de intercambio de licenciados\/as e graduados\/as en formaci\u00f3n e profesionais, para realizar pr\u00e1cticas noutras escolas de Espa\u00f1a e en centros de formaci\u00f3n da avogac\u00eda e da procurador\u00eda estranxeiros.<\/p>\n<p>[\/et_pb_text][\/et_pb_column][\/et_pb_row][\/et_pb_section]<\/p>\n","protected":false},"excerpt":{"rendered":"<p>A Escola A Escola de Pr\u00e1ctica Xur\u00eddica de Santiago de Compostela config\u00farase como un centro de formaci\u00f3n pr\u00e1ctica e de especializaci\u00f3n profesional, que ten por finalidade a eficaz formaci\u00f3n dos licenciados\/as e graduados\/as en dereito nas t\u00e9cnicas e formas de actuaci\u00f3n profesional propias da avogac\u00eda, da procurador\u00eda e doutras profesi\u00f3ns xur\u00eddicas, as\u00ed como a formaci\u00f3n [&hellip;]<\/p>\n","protected":false},"author":1,"featured_media":0,"parent":494,"menu_order":2,"comment_status":"open","ping_status":"open","template":"","meta":{"_et_pb_use_builder":"on","_et_pb_old_content":"<p>A <span style=\"color: #0000ff;\">Escola de Pr\u00e1ctica Xur\u00eddica de Santiago de Compostela<\/span> config\u00farase como un centro de formaci\u00f3n pr\u00e1ctica e de especializaci\u00f3n profesional, que ten por finalidade a eficaz formaci\u00f3n dos licenciados\/as e graduados\/as en dereito nas t\u00e9cnicas e formas de actuaci\u00f3n profesional propias da avogac\u00eda, da procurador\u00eda e doutras profesi\u00f3ns xur\u00eddicas, as\u00ed como a formaci\u00f3n continuada dos profesionais do dereito.<\/p><p>Ten a s\u00faa orixe na <span style=\"color: #0000ff;\">Escola de Pr\u00e1ctica Xur\u00eddica da Universidade de Santiago de Compostela<\/span>, creada polo Real decreto 2394\/1981, do 20 de agosto, despois de que iniciase o expediente en 1978 a Facultade de Dereito en estreito contacto co Colexio de Avogados de Santiago de Compostela, e logo do posterior informe favorable da Xunta de Goberno desta Universidade emitido na s\u00faa sesi\u00f3n do 23 de xaneiro de 1979. Dentro da estrutura universitaria ten o car\u00e1cter de \u00abescola de especializaci\u00f3n profesional\u00bb [arts. 53 a 55 e disposici\u00f3n adicional 1\u00aa dos Estatutos da USC].<\/p><p>Con posterioridade, o Colexio de Avogados de Santiago de Compostela creou a <span style=\"color: #0000ff;\">Escola de Pr\u00e1ctica Xur\u00eddica \u00abEugenio Montero R\u00edos\u00bb<\/span>, ao amparo das funci\u00f3ns que o Estatuto Xeral da Avogac\u00eda [art. 4.e) do xa derrogado RD 2090\/1982, do 24 de xullo; e actual art. 4, g), h), i) do Real decreto 658\/2001, do 22 de xu\u00f1o], reco\u00f1ece os colexios de avogados. O acordo foi da s\u00faa Xunta Xeral, de data 2 de xullo de 1991, despois da proposta da s\u00faa Xunta de Goberno; acordo\u00a0ao que se adheriu o Colexio de Procuradores de Santiago de Compostela o 3 de xullo de 1991.<\/p><p>O 23 de novembro de 1994, froito das excelentes relaci\u00f3ns existentes entre os equipos de\u00a0goberno da Universidade de Santiago de Compostela e dos ilustres colexios de avogados e de procuradores da cidade, as\u00ednase un <span style=\"color: #0000ff;\">convenio de colaboraci\u00f3n<\/span> entre as instituci\u00f3ns de que dependen as d\u00faas escolas, por medio do cal todas as actividades de formaci\u00f3n que cada unha vi\u00f1a realizando ata ese momento por separado, pasan a desenvolverse de forma conxunta baixo o nome de <span style=\"color: #0000ff;\">ESCOLA DE PR\u00c1CTICA XUR\u00cdDICA DE SANTIAGO DE COMPOSTELA<\/span>.<\/p><p>Esta colaboraci\u00f3n institucional, que xa dura m\u00e1is de vinte e dous anos, constit\u00fae unha experiencia mod\u00e9lica no noso pa\u00eds, agora seguida pola lei de acceso \u00e1s profesi\u00f3ns de avogado e de procurador do 27 de novembro de 2006; e que permitiu acadar \u00e1 Escola compostel\u00e1 un amplo reco\u00f1ecemento como centro especializado na formaci\u00f3n inicial e continuada dos avogados e procuradores galegos, situ\u00e1ndose dende xa hai tempo entre os m\u00e1is prestixiosos do Estado.<\/p><p>Para un mellor cumprimento dos seus fins, a Escola mant\u00e9n tam\u00e9n unha estreita colaboraci\u00f3n cun amplo n\u00famero de administraci\u00f3ns p\u00fablicas, colexios profesionais, \u00f3rganos da administraci\u00f3n de xustiza e entidades privadas . Entre estas colaboraci\u00f3ns, enc\u00f3ntranse as que se mante\u00f1en con:<\/p><p>\u2014 a <span style=\"color: #0000ff;\">XUNTA DE GALICIA<\/span>:<\/p><p>\u221a <em>Presidencia:<\/em> para a realizaci\u00f3n de pr\u00e1cticas profesionais polos licenciados\/as e graduados\/as en formaci\u00f3n, na Asesor\u00eda Xur\u00eddica Xeral e nas asesor\u00edas\u00a0 xur\u00eddicas das distintas conseller\u00edas e organismos aut\u00f3nomos dependentes da administraci\u00f3n auton\u00f3mica; e a impartici\u00f3n de\u00a0m\u00f3dulos de linguaxe xur\u00eddica galega.<\/p><p>\u221a <em>Conseller\u00eda de Traballo e Benestar:<\/em> para promover a formaci\u00f3n pr\u00e1ctica dos licenciados\/as e graduados\/as en Dereito e facilitar a s\u00faa inserci\u00f3n no mercado\u00a0 laboral; e para a organizaci\u00f3n de actividades de formaci\u00f3n continuada.<\/p><p>\u221a <em>Conseller\u00eda de Presidencia, Administraci\u00f3ns P\u00fablicas e Xustiza:<\/em> para\u00a0o financiamento dunha parte da actividade ordinaria da Escola; e a formaci\u00f3n dos futuros avogados nas pol\u00edticas de igualdade e non discriminaci\u00f3n, violencia de x\u00e9nero, protecci\u00f3n de menores e asesoramento a inmigrantes e refuxiados.<\/p><p>\u221a <em>Conseller\u00eda de\u00a0Econom\u00eda e Industria:<\/em> para a realizaci\u00f3n de pr\u00e1cticas profesionais no Instituto Galego de Consumo.<\/p><p>\u2014 a <span style=\"color: #0000ff;\">DEPUTACI\u00d3N PROVINCIAL DA CORU\u00d1A<\/span>, para a realizaci\u00f3n de pr\u00e1cticas profesionais nos departamentos de urbanismo dos concellos da provincia da Coru\u00f1a; a organizaci\u00f3n de seminarios dirixidos a mellorar a formaci\u00f3n pedag\u00f3xica dos profesionais-colaboradores da\u00a0 Escola; e para a mellora das instalaci\u00f3ns e medios da Escola.<\/p><p>\u2014 a\u00a0<span style=\"color: #0000ff;\">DEPUTACI\u00d3N PROVINCIAL DE LUGO<\/span>, para a realizaci\u00f3n de cursos de ver\u00e1n na provincia de Lugo.<\/p><p>\u2014 o\u00a0<span style=\"color: #0000ff;\">CONCELLO DE SANTIAGO DE COMPOSTELA<\/span>, para a realizaci\u00f3n de pr\u00e1cticas profesionais nas conceller\u00edas de Servizos Sociais, Urbanismo, no Servizo de Contrataci\u00f3n e Servizos Comunitarios e na Unidade Municipal de Atenci\u00f3n ao Drogodependente.<\/p><p>\u2014 m\u00e1is de vinte <span style=\"color: #0000ff;\">CONCELLOS DA PROVINCIA DA CORU\u00d1A<\/span>, para a realizaci\u00f3n de pr\u00e1cticas profesionais nos seus departamentos de urbanismo,\u00a0ao amparo do convenio asinado coa deputaci\u00f3n da Coru\u00f1a.<\/p><p>\u2014 a <span style=\"color: #0000ff;\">XUNTA DE XU\u00cdCES DE SANTIAGO, a FISCAL\u00cdA DE SANTIAGO, SINDICATOS<\/span>, etc, para a realizaci\u00f3n de pr\u00e1cticas profesionais \u00a0nos \u00f3rganos xudiciais e fiscal\u00eda.<\/p><p>\u2014 a <span style=\"color: #0000ff;\">SOCIEDADE XERAL DE AUTORES E EDITORES<\/span>, para a realizaci\u00f3n de pr\u00e1cticas profesionais na s\u00faa delegaci\u00f3n da Coru\u00f1a.<\/p><p>\u2014 a <span style=\"color: #0000ff;\">EDITORIAL\u00a0XUR\u00cdDICA TIRANT\u00a0LO BLANCH<\/span>, para a utilizaci\u00f3n gratu\u00edta das s\u00faas bases de datos xur\u00eddicas nas aulas da Escola, e \u00f3 \u00a0funcionamento dunha aula inform\u00e1tica Tirant lo Blanch nas instalaci\u00f3ns da Escola.<\/p><p>\u2014 as <span style=\"color: #0000ff;\">EDITORIAIS XUR\u00cdDICAS THOMSOM ARANDAZI, LA LEY, El\u00a0DERECHO EDITORES<\/span>, para a utilizaci\u00f3n gratu\u00edta das s\u00faas bases de datos xur\u00eddicas nas aulas da Escola.<\/p><p>\u2014 a\u00a0<span style=\"color: #0000ff;\">FUNDACI\u00d3N CAIXA GALICIA<\/span>, para a organizaci\u00f3n de cursos e xornadas de actualizaci\u00f3n profesional.<\/p><p>As\u00ed mesmo, coa finalidade de captar recursos externos cos que contribu\u00edr \u00e1 mellora da formaci\u00f3n dos avogados e procuradores galegos, e dos profesionais da xustiza en xeral, a Escola concorre periodicamente \u00e1s diferentes convocatorias p\u00fablicas de financiamento de formaci\u00f3n xur\u00eddica [como a <span style=\"color: #0000ff;\">Acci\u00f3n Robert Schuman da Comisi\u00f3n Europea<\/span>, que co-financiou un curso de dereito procesual comunitario nos sete colexios de avogados de Galicia durante os anos 1998 a 2002, e no que participaron vintecinco instituci\u00f3ns galegas]. Pola s\u00faa banda, o <span style=\"color: #0000ff;\">Parlamento Europeo<\/span>, ben de forma institucional ou a trav\u00e9s dalg\u00fan dos seus deputados, axuda economicamente \u00e1 Escola compostel\u00e1 para que os seus licenciados\/as en formaci\u00f3n poidan realizar unha visita de traballo \u00e1s principais instituci\u00f3ns comunitarias.<\/p><p>No futuro, \u00e9 obxectivo da direcci\u00f3n da Escola incrementar este tipo de convenios, iniciativas e proxectos; as\u00ed como fomentar programas de intercambio de licenciados\/as e graduados\/as en formaci\u00f3n e profesionais, para realizar pr\u00e1cticas noutras escolas de Espa\u00f1a e en centros de formaci\u00f3n da avogac\u00eda e da procurador\u00eda estranxeiros.<\/p><p>\u00a0<\/p>","_et_gb_content_width":"","footnotes":""},"class_list":["post-496","page","type-page","status-publish","hentry"],"_links":{"self":[{"href":"https:\/\/epxsantiago.org\/index.php\/wp-json\/wp\/v2\/pages\/496","targetHints":{"allow":["GET"]}}],"collection":[{"href":"https:\/\/epxsantiago.org\/index.php\/wp-json\/wp\/v2\/pages"}],"about":[{"href":"https:\/\/epxsantiago.org\/index.php\/wp-json\/wp\/v2\/types\/page"}],"author":[{"embeddable":true,"href":"https:\/\/epxsantiago.org\/index.php\/wp-json\/wp\/v2\/users\/1"}],"replies":[{"embeddable":true,"href":"https:\/\/epxsantiago.org\/index.php\/wp-json\/wp\/v2\/comments?post=496"}],"version-history":[{"count":7,"href":"https:\/\/epxsantiago.org\/index.php\/wp-json\/wp\/v2\/pages\/496\/revisions"}],"predecessor-version":[{"id":1467,"href":"https:\/\/epxsantiago.org\/index.php\/wp-json\/wp\/v2\/pages\/496\/revisions\/1467"}],"up":[{"embeddable":true,"href":"https:\/\/epxsantiago.org\/index.php\/wp-json\/wp\/v2\/pages\/494"}],"wp:attachment":[{"href":"https:\/\/epxsantiago.org\/index.php\/wp-json\/wp\/v2\/media?parent=496"}],"curies":[{"name":"wp","href":"https:\/\/api.w.org\/{rel}","templated":true}]}}