{"id":505,"date":"2016-07-01T15:53:56","date_gmt":"2016-07-01T15:53:56","guid":{"rendered":"http:\/\/www.epxsantiago.org\/?page_id=505"},"modified":"2019-06-06T18:50:19","modified_gmt":"2019-06-06T18:50:19","slug":"organos-de-gobierno","status":"publish","type":"page","link":"https:\/\/epxsantiago.org\/index.php\/presentacion\/organos-de-gobierno","title":{"rendered":"\u00d3RGANOS DE GOBERNO"},"content":{"rendered":"<p>[et_pb_section admin_label=\u00bbSecci\u00f3n\u00bb bb_built=\u00bb1&#8243; fullwidth=\u00bbon\u00bb specialty=\u00bboff\u00bb][et_pb_fullwidth_image admin_label=\u00bbImagen de anchura completa\u00bb src=\u00bbhttp:\/\/epxsantiago.org\/wp-content\/uploads\/2017\/04\/DSC_9557-copia-e1491400499684.jpg\u00bb show_in_lightbox=\u00bboff\u00bb url_new_window=\u00bboff\u00bb use_overlay=\u00bboff\u00bb animation=\u00bbleft\u00bb use_border_color=\u00bboff\u00bb border_color=\u00bb#ffffff\u00bb border_style=\u00bbsolid\u00bb] [\/et_pb_fullwidth_image][\/et_pb_section][et_pb_section admin_label=\u00bbsection\u00bb bb_built=\u00bb1&#8243; transparent_background=\u00bboff\u00bb allow_player_pause=\u00bboff\u00bb inner_shadow=\u00bboff\u00bb parallax=\u00bboff\u00bb parallax_method=\u00bbon\u00bb custom_padding=\u00bb0px|||\u00bb make_fullwidth=\u00bboff\u00bb use_custom_width=\u00bboff\u00bb width_unit=\u00bbon\u00bb make_equal=\u00bboff\u00bb use_custom_gutter=\u00bboff\u00bb][et_pb_row admin_label=\u00bbFila\u00bb make_fullwidth=\u00bboff\u00bb use_custom_width=\u00bboff\u00bb width_unit=\u00bbon\u00bb use_custom_gutter=\u00bboff\u00bb custom_padding=\u00bb20px||0px|\u00bb allow_player_pause=\u00bboff\u00bb parallax=\u00bboff\u00bb parallax_method=\u00bbon\u00bb make_equal=\u00bboff\u00bb parallax_1=\u00bboff\u00bb parallax_method_1=\u00bboff\u00bb parallax_2=\u00bboff\u00bb parallax_method_2=\u00bboff\u00bb][et_pb_column type=\u00bb1_4&#8243;][\/et_pb_column][et_pb_column type=\u00bb3_4&#8243;][et_pb_text admin_label=\u00bbTexto\u00bb background_layout=\u00bblight\u00bb text_orientation=\u00bbcenter\u00bb use_border_color=\u00bboff\u00bb border_color=\u00bb#ffffff\u00bb border_style=\u00bbsolid\u00bb]<\/p>\n<h1 style=\"text-align: center;\">A Escola<\/h1>\n<p>[\/et_pb_text][et_pb_post_title admin_label=\u00bbT\u00edtulo de pagina\u00bb title=\u00bbon\u00bb meta=\u00bboff\u00bb author=\u00bbon\u00bb date=\u00bbon\u00bb categories=\u00bbon\u00bb comments=\u00bbon\u00bb featured_image=\u00bbon\u00bb featured_placement=\u00bbbelow\u00bb parallax_effect=\u00bboff\u00bb parallax_method=\u00bbon\u00bb text_orientation=\u00bbcenter\u00bb text_color=\u00bbdark\u00bb text_background=\u00bboff\u00bb text_bg_color=\u00bbrgba(255,255,255,0.9)\u00bb use_border_color=\u00bboff\u00bb border_color=\u00bb#ffffff\u00bb border_style=\u00bbsolid\u00bb title_font_size=\u00bb22px\u00bb custom_margin=\u00bb||0px|\u00bb] [\/et_pb_post_title][\/et_pb_column][\/et_pb_row][et_pb_row admin_label=\u00bbFila\u00bb][et_pb_column type=\u00bb1_4&#8243;][et_pb_sidebar admin_label=\u00bbBarra lateral\u00bb orientation=\u00bbleft\u00bb area=\u00bbet_pb_widget_area_3&#8243; background_layout=\u00bblight\u00bb remove_border=\u00bboff\u00bb] [\/et_pb_sidebar][\/et_pb_column][et_pb_column type=\u00bb3_4&#8243;][et_pb_text admin_label=\u00bbTexto\u00bb background_layout=\u00bblight\u00bb text_orientation=\u00bbjustified\u00bb use_border_color=\u00bboff\u00bb border_color=\u00bb#ffffff\u00bb border_style=\u00bbsolid\u00bb]<\/p>\n<p><strong><u>CONSELLO DIRECTIVO<\/u><\/strong><\/p>\n<p>\u00c9\u00a0o \u00f3rgano institu\u00eddo no convenio de colaboraci\u00f3n, asinado o 23 de novembro de 1994, entre as instituci\u00f3ns das que dependen as escolas de pr\u00e1ctica xur\u00eddica da Universidade e dos ilustres colexios de avogados e de procuradores de Santiago de Compostela, para velar polo bo funcionamento da Escola compostel\u00e1 e polo cumprimento dos seus obxectivos.<\/p>\n<p>Est\u00e1 integrado por:<\/p>\n<p>&#8211; Excmo. e Magfco. Sr.\u00a0D.\u00a0<strong>ANTONIO L\u00d3PEZ D\u00cdAZ<\/strong>,\u00a0reitor da Universidade de Santiago de Compostela.<\/p>\n<p>&#8211; Excmo. Sr. D.<em>\u00a0<\/em><strong>FRANCISCO JOS\u00c9 RABU\u00d1AL MOSQUERA<\/strong>, decano do Colexio de Avogados de Santiago de Compostela.<\/p>\n<p>&#8211; Excmo. Sr. D.<strong><em>\u00a0<\/em>FERNANDO GONZ\u00c1LEZ-CONCHEIRO \u00c1LVAREZ<\/strong>,\u00a0decano do Colexio de Procuradores de Santiago de Compostela.<\/p>\n<p>&#8211; Prof. Dr. D.\u00a0<strong>LOTARIO VILABOY LOIS<\/strong>, director da Escola de Pr\u00e1ctica Xur\u00eddica<\/p>\n<p>&nbsp;<\/p>\n<p>DIRECTOR EXECUTIVO<\/p>\n<p>&#8211; Prof. Dr. D.\u00a0<strong>LOTARIO VILABOY LOIS<\/strong><strong>,\u00a0<\/strong>profesor titular de Dereito Procesual da USC.<\/p>\n<p>&nbsp;<\/p>\n<p>SECRETARIO<\/p>\n<p>&#8211; D.\u00a0<strong>JES\u00daS WALDO MARO\u00d1O GARGALLO,\u00a0<\/strong>avogado.<\/p>\n<p>&nbsp;<\/p>\n<p>[\/et_pb_text][\/et_pb_column][\/et_pb_row][\/et_pb_section]<\/p>\n","protected":false},"excerpt":{"rendered":"<p>A Escola CONSELLO DIRECTIVO \u00c9\u00a0o \u00f3rgano institu\u00eddo no convenio de colaboraci\u00f3n, asinado o 23 de novembro de 1994, entre as instituci\u00f3ns das que dependen as escolas de pr\u00e1ctica xur\u00eddica da Universidade e dos ilustres colexios de avogados e de procuradores de Santiago de Compostela, para velar polo bo funcionamento da Escola compostel\u00e1 e polo cumprimento [&hellip;]<\/p>\n","protected":false},"author":1,"featured_media":0,"parent":494,"menu_order":4,"comment_status":"open","ping_status":"open","template":"","meta":{"_et_pb_use_builder":"on","_et_pb_old_content":"<p><strong><u>CONSELLO DIRECTIVO<\/u><\/strong><\/p><p>\u00c9 o \u00f3rgano institu\u00eddo no convenio de colaboraci\u00f3n, asinado o 23 de novembro de 1994, entre as instituci\u00f3ns das que dependen as escolas de pr\u00e1ctica xur\u00eddica da Universidade e dos ilustres colexios de avogados e de procuradores de Santiago de Compostela, para velar polo bo funcionamento da Escola compostel\u00e1 e polo cumprimento dos seus obxectivos.<\/p><p>Est\u00e1 integrado por:<\/p><p>- Excmo. e Magfco. Sr. D. <strong>JUAN VIA\u00d1O REY<\/strong>, reitor da Universidade de Santiago de Compostela.<\/p><p>- Excmo. Sr. D. <strong>EVARISTO NOGUEIRA POL<\/strong>, decano do Colexio de Avogados de Santiago de Compostela.<\/p><p>- Excmo. Sr. D.<strong> FERNANDO GONZ\u00c1LEZ-CONCHEIRO \u00c1LVAREZ<\/strong>, decano do Colexio de Procuradores de Santiago de Compostela.<\/p><p>- Prof. Dr. D.\u00a0<strong>LOTARIO VILABOY LOIS<\/strong>, director da Escola de Pr\u00e1ctica Xur\u00eddica<\/p><p>\u00a0<\/p><p><strong>DIRECTOR EXECUTIVO<\/strong><\/p><p>- Prof. Dr. D. <strong>LOTARIO VILABOY LOIS, <\/strong>profesor titular de Dereito Procesual da USC.<\/p><p>\u00a0<\/p>","_et_gb_content_width":"","footnotes":""},"class_list":["post-505","page","type-page","status-publish","hentry"],"_links":{"self":[{"href":"https:\/\/epxsantiago.org\/index.php\/wp-json\/wp\/v2\/pages\/505","targetHints":{"allow":["GET"]}}],"collection":[{"href":"https:\/\/epxsantiago.org\/index.php\/wp-json\/wp\/v2\/pages"}],"about":[{"href":"https:\/\/epxsantiago.org\/index.php\/wp-json\/wp\/v2\/types\/page"}],"author":[{"embeddable":true,"href":"https:\/\/epxsantiago.org\/index.php\/wp-json\/wp\/v2\/users\/1"}],"replies":[{"embeddable":true,"href":"https:\/\/epxsantiago.org\/index.php\/wp-json\/wp\/v2\/comments?post=505"}],"version-history":[{"count":11,"href":"https:\/\/epxsantiago.org\/index.php\/wp-json\/wp\/v2\/pages\/505\/revisions"}],"predecessor-version":[{"id":3295,"href":"https:\/\/epxsantiago.org\/index.php\/wp-json\/wp\/v2\/pages\/505\/revisions\/3295"}],"up":[{"embeddable":true,"href":"https:\/\/epxsantiago.org\/index.php\/wp-json\/wp\/v2\/pages\/494"}],"wp:attachment":[{"href":"https:\/\/epxsantiago.org\/index.php\/wp-json\/wp\/v2\/media?parent=505"}],"curies":[{"name":"wp","href":"https:\/\/api.w.org\/{rel}","templated":true}]}}